{"id":7130,"date":"2020-05-27T17:59:37","date_gmt":"2020-05-27T21:59:37","guid":{"rendered":"https:\/\/chrs.dev.uqam.ca\/?page_id=7130"},"modified":"2020-05-27T17:59:37","modified_gmt":"2020-05-27T21:59:37","slug":"louise-lainesse-2","status":"publish","type":"page","link":"https:\/\/chrs.uqam.ca\/index.php\/a-propos\/equipe\/membres-etudiants\/louise-lainesse-2\/","title":{"rendered":"Louise Lainesse"},"content":{"rendered":"<p><strong>Universit\u00e9 de Montr\u00e9al<br \/>\nD\u00e9partement d&rsquo;histoire<\/strong><\/p>\n<div class=\"su-column su-column-size-1-6\"><div class=\"su-column-inner su-u-clearfix su-u-trim\"><a href=\"https:\/\/chrs.uqam.ca\/wp-content\/uploads\/2019\/02\/Vanier_Lainesse_Louise-3xs.jpg\"><img loading=\"lazy\" decoding=\"async\" class=\"alignleft  wp-image-5269\" src=\"https:\/\/chrs.uqam.ca\/wp-content\/uploads\/2019\/02\/Vanier_Lainesse_Louise-3xs.jpg\" alt=\"\" width=\"160\" height=\"197\" srcset=\"https:\/\/chrs.uqam.ca\/wp-content\/uploads\/2019\/02\/Vanier_Lainesse_Louise-3xs.jpg 2000w, https:\/\/chrs.uqam.ca\/wp-content\/uploads\/2019\/02\/Vanier_Lainesse_Louise-3xs-244x300.jpg 244w, https:\/\/chrs.uqam.ca\/wp-content\/uploads\/2019\/02\/Vanier_Lainesse_Louise-3xs-768x946.jpg 768w, https:\/\/chrs.uqam.ca\/wp-content\/uploads\/2019\/02\/Vanier_Lainesse_Louise-3xs-831x1024.jpg 831w\" sizes=\"auto, (max-width: 160px) 100vw, 160px\" \/><\/a><\/p>\n<\/div><\/div>\n<div class=\"su-column su-column-size-4-6\"><div class=\"su-column-inner su-u-clearfix su-u-trim\"><\/div><\/div>\nLouise Lainesse est candidate au doctorat en histoire \u00e0 l\u2019Universit\u00e9 de Montr\u00e9al, sous la direction de M. Ollivier Hubert.<\/p>\n<p>Apr\u00e8s avoir fait des \u00e9tudes au baccalaur\u00e9at int\u00e9gr\u00e9 en sciences historiques et \u00e9tudes patrimoniales (BISHEP) \u00e0 l'Universit\u00e9 Laval, Louise Lainesse\u00a0 a r\u00e9alis\u00e9 une ma\u00eetrise en histoire \u00e0 cette m\u00eame universit\u00e9, sous la direction de M. Alain Laberge. S'intitulant \"Composer\u00a0avec l'incertitude : les \"presque veuves\" \u00e0 l'heure de la Conqu\u00eate (1754-1760)\", son m\u00e9moire s'est pench\u00e9 sur les strat\u00e9gies de survie\u00a0employ\u00e9es par ces femmes devenues \"presque veuves\" pendant la Conqu\u00eate. On entend par l'appellation \u00ab presque veuves \u00bb les femmes habitant la vall\u00e9e du Saint-Laurent dont le mari \u00e9t\u00e9 fait prisonnier, a \u00e9t\u00e9 port\u00e9 disparu ou dont la mort n'a pas \u00e9t\u00e9 officiellement recens\u00e9e en ces temps troubl\u00e9s de guerre. Louise s'int\u00e9resse d\u00e9sormais, dans le cadre de sa th\u00e8se,\u00a0\u00e0 la mort et aux rites fun\u00e9raires dans le Qu\u00e9bec des XVIIIe et XIXe si\u00e8cles.<\/p>\n<p>S\u2019inscrivant dans le champ de l\u2019histoire sociale et culturelle, ses int\u00e9r\u00eats de recherche portent sur les parcours de vie, les strat\u00e9gies de survie et, plus r\u00e9cemment, sur la mort,\u00a0les\u00a0identit\u00e9s\u00a0et les repr\u00e9sentations\u00a0dans une perspective interdisciplinaire.\u00a0Ayant \u00e0 coeur la diffusion de l\u2019histoire aupr\u00e8s du public, elle est, depuis 2016, l\u2019une des animatrices de l\u2019\u00e9mission de radio\u00a0<em>3600 secondes d\u2019histoire<\/em>\u00a0diffus\u00e9e \u00e0 CHYZ 94.3 FM.<\/p>\n<div class=\"su-spoiler su-spoiler-style-default su-spoiler-icon-chevron su-spoiler-closed\" data-scroll-offset=\"0\" data-anchor-in-url=\"no\"><div class=\"su-spoiler-title\" tabindex=\"0\" role=\"button\"><span class=\"su-spoiler-icon\"><\/span>Coordonn\u00e9es<\/div><div class=\"su-spoiler-content su-u-clearfix su-u-trim\">\n<p><strong>Courriel :\u00a0<\/strong>louise.lainesse.1@ulaval.ca, louise.lainesse@umontreal.ca<\/div><\/div>\n<div class=\"su-spoiler su-spoiler-style-default su-spoiler-icon-chevron su-spoiler-closed\" data-scroll-offset=\"0\" data-anchor-in-url=\"no\"><div class=\"su-spoiler-title\" tabindex=\"0\" role=\"button\"><span class=\"su-spoiler-icon\"><\/span>Curriculum vitae <\/div><div class=\"su-spoiler-content su-u-clearfix su-u-trim\">\n<p>Curriculum vitae &#8211; mai 2020<br \/>\n<\/div><\/div>\n<div class=\"su-spoiler su-spoiler-style-default su-spoiler-icon-chevron su-spoiler-closed\" data-scroll-offset=\"0\" data-anchor-in-url=\"no\"><div class=\"su-spoiler-title\" tabindex=\"0\" role=\"button\"><span class=\"su-spoiler-icon\"><\/span>Bourses, prix et distinctions<\/div><div class=\"su-spoiler-content su-u-clearfix su-u-trim\">\n<ul>\n<li>Bourse BESC-Vanier (versement anne\u0301es 2019-2022)<\/li>\n<li>Bourse du CRSH \u2013 Joseph-Armand-Bombardier <em>d\u00e9clin\u00e9e<br \/>\n<\/em><\/li>\n<li>Prix Courville-Se\u0301guin (mai 2018)<\/li>\n<li>Bourse du Conseil de la vie franc\u0327aise en Ame\u0301rique (CVFA) (mai 2017)<\/li>\n<li>Bourse du FRQSC (versement anne\u0301es 2017-2018)<\/li>\n<li>Bourse du CRSH (versement anne\u0301es 2016-2017)<\/li>\n<li>Bourse d\u2019histoire Henri IV (mars 2016)<\/li>\n<li>Bourse du CIEQ (d\u00e9cembre 2015)<\/li>\n<li>Prix Jacques-Mathieu (d\u00e9cembre 2015)<\/li>\n<li>Bourse en histoire de la Nouvelle-France (d\u00e9cembre 2015)<\/li>\n<\/ul>\n<\/div><\/div>\n<div class=\"su-spoiler su-spoiler-style-default su-spoiler-icon-chevron\" data-scroll-offset=\"0\" data-anchor-in-url=\"no\"><div class=\"su-spoiler-title\" tabindex=\"0\" role=\"button\"><span class=\"su-spoiler-icon\"><\/span>Nouvelles<\/div><div class=\"su-spoiler-content su-u-clearfix su-u-trim\">\n\n<\/div><\/div>\n","protected":false},"excerpt":{"rendered":"<p>Universit\u00e9 de Montr\u00e9al D\u00e9partement d&rsquo;histoire Louise Lainesse est candidate au doctorat en histoire \u00e0 l\u2019Universit\u00e9 de Montr\u00e9al, sous la direction de M. Ollivier Hubert. Apr\u00e8s avoir fait des \u00e9tudes au&#8230;<\/p>\n","protected":false},"author":2,"featured_media":0,"parent":455,"menu_order":0,"comment_status":"closed","ping_status":"closed","template":"","meta":{"_monsterinsights_skip_tracking":false,"_monsterinsights_sitenote_active":false,"_monsterinsights_sitenote_note":"","_monsterinsights_sitenote_category":0,"footnotes":""},"class_list":["post-7130","page","type-page","status-publish","hentry"],"_links":{"self":[{"href":"https:\/\/chrs.uqam.ca\/index.php\/wp-json\/wp\/v2\/pages\/7130","targetHints":{"allow":["GET"]}}],"collection":[{"href":"https:\/\/chrs.uqam.ca\/index.php\/wp-json\/wp\/v2\/pages"}],"about":[{"href":"https:\/\/chrs.uqam.ca\/index.php\/wp-json\/wp\/v2\/types\/page"}],"author":[{"embeddable":true,"href":"https:\/\/chrs.uqam.ca\/index.php\/wp-json\/wp\/v2\/users\/2"}],"replies":[{"embeddable":true,"href":"https:\/\/chrs.uqam.ca\/index.php\/wp-json\/wp\/v2\/comments?post=7130"}],"version-history":[{"count":0,"href":"https:\/\/chrs.uqam.ca\/index.php\/wp-json\/wp\/v2\/pages\/7130\/revisions"}],"up":[{"embeddable":true,"href":"https:\/\/chrs.uqam.ca\/index.php\/wp-json\/wp\/v2\/pages\/455"}],"wp:attachment":[{"href":"https:\/\/chrs.uqam.ca\/index.php\/wp-json\/wp\/v2\/media?parent=7130"}],"curies":[{"name":"wp","href":"https:\/\/api.w.org\/{rel}","templated":true}]}}