{"id":2970,"date":"2017-10-11T16:09:16","date_gmt":"2017-10-11T20:09:16","guid":{"rendered":"https:\/\/chrs.dev.uqam.ca\/?page_id=2970"},"modified":"2022-04-20T09:05:51","modified_gmt":"2022-04-20T13:05:51","slug":"ollivier-hubert","status":"publish","type":"page","link":"https:\/\/chrs.uqam.ca\/index.php\/a-propos\/equipe\/membres-reguliers\/ollivier-hubert\/","title":{"rendered":"Ollivier Hubert"},"content":{"rendered":"<p class=\"p1\"><div class=\"su-row\"><div class=\"su-column su-column-size-1-5\"><div class=\"su-column-inner su-u-clearfix su-u-trim\"><img loading=\"lazy\" decoding=\"async\" class=\"alignleft size-full wp-image-8713\" src=\"https:\/\/chrs.uqam.ca\/wp-content\/uploads\/2021\/02\/ollivier_hubert_2lumineux-moyen-2-2.jpg\" alt=\"\" width=\"893\" height=\"1280\" srcset=\"https:\/\/chrs.uqam.ca\/wp-content\/uploads\/2021\/02\/ollivier_hubert_2lumineux-moyen-2-2.jpg 893w, https:\/\/chrs.uqam.ca\/wp-content\/uploads\/2021\/02\/ollivier_hubert_2lumineux-moyen-2-2-209x300.jpg 209w, https:\/\/chrs.uqam.ca\/wp-content\/uploads\/2021\/02\/ollivier_hubert_2lumineux-moyen-2-2-768x1101.jpg 768w, https:\/\/chrs.uqam.ca\/wp-content\/uploads\/2021\/02\/ollivier_hubert_2lumineux-moyen-2-2-714x1024.jpg 714w\" sizes=\"auto, (max-width: 893px) 100vw, 893px\" \/><\/p>\n<p class=\"p1\"><\/div><\/div>\n<p class=\"p1\"><div class=\"su-column su-column-size-4-5\"><div class=\"su-column-inner su-u-clearfix su-u-trim\"> 2017 &#8211; Actuel<\/p>\n<p><strong>Professeur titulaire, Universit\u00e9 de Montr\u00e9al<br \/>\nD\u00e9partement d&rsquo;histoire<\/strong><\/div><\/div><\/div>\n<p>Ollivier Hubert est professeur titulaire au d\u00e9partement d\u2019histoire de l\u2019Universit\u00e9 de\u00a0Montr\u00e9al. Il est sp\u00e9cialis\u00e9 en histoire culturelle du Qu\u00e9bec. Au\u00a0cours des 25 derni\u00e8res ann\u00e9es, il a publi\u00e9 des recherches en histoire\u00a0religieuse et en histoire de l\u2019\u00e9ducation.\u00a0Son livre,\u00a0<i>Sur la terre comme au Ciel. La gestion des rites par l\u2019\u00c9glise\u00a0catholique du Qu\u00e9bec<\/i>\u00a0a remport\u00e9 le prix\u00a0Lionel-Groulx. Il\u00a0travaille\u00a0\u00e0 pr\u00e9sent sur la violence au 18e\u00a0si\u00e8cle. Il conduit aussi, avec\u00a0Catherine Larochelle, un projet sur le colonialisme\u00a0d\u2019occupation au Canada\u00a0fran\u00e7ais au 19e\u00a0si\u00e8cle.<\/p>\n<p><strong><a href=\"https:\/\/chrs.uqam.ca\/index.php\/recherche\/realisations\/publications\/?tgid=&amp;yr=&amp;type=&amp;usr=&amp;auth=294#tppubs\" target=\"_blank\" rel=\"noopener\">Liste des publications<\/a><\/strong><\/p>\n<div class=\"su-spoiler su-spoiler-style-default su-spoiler-icon-chevron su-spoiler-closed\" data-scroll-offset=\"0\" data-anchor-in-url=\"no\"><div class=\"su-spoiler-title\" tabindex=\"0\" role=\"button\"><span class=\"su-spoiler-icon\"><\/span>Coordonn\u00e9es<\/div><div class=\"su-spoiler-content su-u-clearfix su-u-trim\">\n<strong>Adresse :<\/strong><br \/>\nUniversit\u00e9 de Montr\u00e9al<br \/>\nPavillon Lionel-Groulx<br \/>\n3150 Rue Jean-Brillant, Montr\u00e9al<br \/>\nBureau C-6112<\/p>\n<p><strong>T\u00e9l\u00e9phone : <\/strong><br \/>\n514-343-6111 #27127<\/p>\n<p><strong>Courriel : <\/strong><br \/>\nollivier.hubert@umontreal.ca<\/div><\/div>\n<div class=\"su-spoiler su-spoiler-style-default su-spoiler-icon-chevron su-spoiler-closed\" data-scroll-offset=\"0\" data-anchor-in-url=\"no\"><div class=\"su-spoiler-title\" tabindex=\"0\" role=\"button\"><span class=\"su-spoiler-icon\"><\/span>Liens<\/div><div class=\"su-spoiler-content su-u-clearfix su-u-trim\">\n<a href=\"https:\/\/histoire.umontreal.ca\/repertoire-departement\/professeurs\/professeur\/in\/in14373\/sg\/Ollivier%20Hubert\/\" target=\"_blank\" rel=\"noopener\">Page personnelle d&rsquo;Ollivier Hubert sur le site du d\u00e9partement d&rsquo;histoire de l&rsquo;Universit\u00e9 de Montr\u00e9al<\/a><br \/>\n<a href=\"https:\/\/drive.google.com\/file\/d\/0B-4Bdjh7IOutcmVfUWE4SnFXNlFlUk5PVnFTS1hwX3hPTkhr\/view?usp=sharing\">CV d&rsquo;Ollivier Hubert<\/a><br \/>\n<\/div><\/div>\n<div class=\"su-spoiler su-spoiler-style-default su-spoiler-icon-chevron su-spoiler-closed\" data-scroll-offset=\"0\" data-anchor-in-url=\"no\"><div class=\"su-spoiler-title\" tabindex=\"0\" role=\"button\"><span class=\"su-spoiler-icon\"><\/span>Projets de recherche<\/div><div class=\"su-spoiler-content su-u-clearfix su-u-trim\">\n<ul>\n<li><a href=\"https:\/\/chrs.uqam.ca\/index.php\/culture-colonialiste-euro-quebecoise-et-missions-catholiques-dans-louest-canadien-la-propagande-missionnaire-des-oblats-de-marie-immaculee-au-quebec-1841-1890\/\">Culture colonialiste euro-qu\u00e9b\u00e9coise et missions catholiques dans l\u2019Ouest canadien : la propagande missionnaire des Oblats de Marie-Immacul\u00e9e au Qu\u00e9bec (1841-1890)<\/a><\/li>\n<\/ul>\n<\/div><\/div>\n<div class=\"su-spoiler su-spoiler-style-default su-spoiler-icon-chevron su-spoiler-closed\" data-scroll-offset=\"0\" data-anchor-in-url=\"no\"><div class=\"su-spoiler-title\" tabindex=\"0\" role=\"button\"><span class=\"su-spoiler-icon\"><\/span>Bourses, prix et distinctions<\/div><div class=\"su-spoiler-content su-u-clearfix su-u-trim\">\n<ul>\n<li>Prix des Fondateurs de l\u2019Association canadienne d\u2019histoire de l\u2019\u00e9ducation 2010<\/li>\n<li>Prix Lionel-Groulx \u2014 Fondation Yves-Saint-Germain (IHAF) 2001<\/div><\/div><\/li>\n<\/ul>\n<div class=\"su-spoiler su-spoiler-style-default su-spoiler-icon-chevron\" data-scroll-offset=\"0\" data-anchor-in-url=\"no\"><div class=\"su-spoiler-title\" tabindex=\"0\" role=\"button\"><span class=\"su-spoiler-icon\"><\/span>Nouvelles<\/div><div class=\"su-spoiler-content su-u-clearfix su-u-trim\">\n<a href=\"https:\/\/chrs.uqam.ca\/index.php\/2025\/09\/25\/conference-de-thierry-nootens-sur-lhistoire-du-droit-civil-au-quebec\/\">Conf\u00e9rence de Thierry Nootens sur l&rsquo;histoire du droit civil au Qu\u00e9bec<\/a><br><a href=\"https:\/\/chrs.uqam.ca\/index.php\/2024\/09\/12\/des-membres-du-chrs-a-lassemblee-nationale\/\">Des membres du CHRS \u00e0 l&rsquo;Assembl\u00e9e nationale<\/a><br><a href=\"https:\/\/chrs.uqam.ca\/index.php\/2024\/04\/10\/ollivier-hubert-signe-un-chapitre-dans-latlas-du-cieq-emlecole-au-quebec-em\/\">Ollivier Hubert signe un chapitre dans l&rsquo;Atlas du CIEQ <em>L&rsquo;\u00e9cole au Qu\u00e9bec<\/em><\/a><br><a href=\"https:\/\/chrs.uqam.ca\/index.php\/2023\/09\/20\/ollivier-hubert-participe-au-colloque-le-colonialisme-dans-les-espaces-du-quebec-contemporain\/\">Ollivier Hubert participe au colloque <i>Le colonialisme dans les espaces du Qu\u00e9bec contemporain\u00a0<\/i><\/a><br><a href=\"https:\/\/chrs.uqam.ca\/index.php\/2023\/03\/03\/participation-dollivier-hubert-a-un-ouvrage-collectif-en-hommage-a-micheline-cambron\/\">Participation d&rsquo;Ollivier Hubert \u00e0 un ouvrage collectif en hommage \u00e0 Micheline Cambron<\/a><br><a href=\"https:\/\/chrs.uqam.ca\/index.php\/2022\/12\/20\/ollivier-hubert-et-mathieu-paradis-participent-au-balado-culture\/\">Ollivier Hubert et Mathieu Paradis participent au balado <em>Cultur\u00e9<\/em><\/a><br><a href=\"https:\/\/chrs.uqam.ca\/index.php\/2022\/08\/22\/participation-de-nos-membres-au-congres-de-lihaf\/\">Participation de nos membres au congr\u00e8s de l&rsquo;IHAF<\/a><br><a href=\"https:\/\/chrs.uqam.ca\/index.php\/2022\/05\/27\/lancement-dun-site-web-et-dun-balado-pour-explorer-le-colonialisme-quebecois\/\">Lancement d&rsquo;un site web et d&rsquo;un balado pour explorer le colonialisme qu\u00e9b\u00e9cois<\/a><br><a href=\"https:\/\/chrs.uqam.ca\/index.php\/2022\/03\/17\/publication-dune-recension-de-latelier-colonialisme-dimplantation-au-quebec-un-impense-de-la-recherche-universitaire\/\">Publication d&rsquo;une recension de l&rsquo;atelier \u00ab Colonialisme d&rsquo;implantation au Qu\u00e9bec: un impens\u00e9 de la recherche universitaire? \u00bb<\/a><br><a href=\"https:\/\/chrs.uqam.ca\/index.php\/2021\/03\/24\/seminaire-la-theorie-du-colonialisme-dimplantation-un-cadre-de-reinterpretation-de-lhistoire-du-quebec\/\">S\u00e9minaire &#8211; La th\u00e9orie du colonialisme d\u2019implantation, un cadre de r\u00e9interpr\u00e9tation de l\u2019histoire du Qu\u00e9bec\u2009?<\/a><br><a href=\"https:\/\/chrs.uqam.ca\/index.php\/2021\/01\/26\/ollivier-hubert-co-dirige-louvrage-a-compelling-re-examination-of-the-quebec-act\/\">Ollivier Hubert co-dirige l&rsquo;ouvrage <em>A compelling re-examination of the Quebec Act <\/em><\/a><br><a href=\"https:\/\/chrs.uqam.ca\/index.php\/2019\/10\/15\/72e-congres-de-linstitut-dhistoire-de-lamerique-francaise-inscription-et-programmation\/\">72e Congr\u00e8s de l\u2019Institut d&rsquo;histoire de l&rsquo;Am\u00e9rique fran\u00e7aise: programmation<\/a><br><a href=\"https:\/\/chrs.uqam.ca\/index.php\/2019\/10\/15\/ollivier-hubert-et-catherine-larochelle-signent-larticle-culture-coloniale-euroquebecoise-et-missions-catholiques-dans-louest-canadien-au-xixe-siecle\/\">Ollivier Hubert et Catherine Larochelle signent l&rsquo;article <em> Culture coloniale euroqu\u00e9b\u00e9coise et missions catholiques dans l\u2019Ouest canadien au XIXe si\u00e8cle<\/em><\/a><br><a href=\"https:\/\/chrs.uqam.ca\/index.php\/2019\/06\/19\/ollivier-hubert-et-catherine-larochelle-obtiennent-une-subvention-du-crsh\/\">Ollivier Hubert et Catherine Larochelle obtiennent une subvention du CRSH<\/a><br><a href=\"https:\/\/chrs.uqam.ca\/index.php\/2019\/04\/26\/colloque-famille-et-justice-dans-les-archives-programmation-et-informations-generales\/\">Colloque <em>Famille et justice dans les archives <\/em>: programmation et informations g\u00e9n\u00e9rales<\/a><br><a href=\"https:\/\/chrs.uqam.ca\/index.php\/2018\/11\/20\/ollivier-hubert-recense-louvrage-se-defendre-une-philosophie-de-la-violence\/\">Ollivier Hubert recense l&rsquo;ouvrage <i>Se d\u00e9fendre. Une philosophie de la violence<\/i><\/a><br><a href=\"https:\/\/chrs.uqam.ca\/index.php\/2018\/10\/26\/ollivier-hubert-et-catherine-larochelle-au-85e-congres-annuel-de-la-societe-canadienne-dhistoire-de-leglise-catholique\/\">Ollivier Hubert et Catherine Larochelle au 85e congr\u00e8s annuel de la Soci\u00e9t\u00e9 canadienne d\u2019histoire de l\u2019\u00c9glise catholique<\/a><br><a href=\"https:\/\/chrs.uqam.ca\/index.php\/2017\/10\/11\/trois-nouveaux-chercheurs-rejoignent-lequipe-du-chrs\/\">Trois nouveaux chercheurs rejoignent l&rsquo;\u00e9quipe du CHRS<\/a><br><a href=\"https:\/\/chrs.uqam.ca\/index.php\/2017\/05\/29\/compte-rendu-du-colloque-vices-et-criminalite-dans-lhistoire-du-quebec-et-du-canada\/\">Compte rendu du colloque \u00ab\u00a0Vices et criminalit\u00e9 dans l\u2019histoire du Qu\u00e9bec et du Canada\u00a0\u00bb<\/a><br><a href=\"https:\/\/chrs.uqam.ca\/index.php\/2014\/12\/04\/louise-bienvenue-publie-un-ouvrage-sur-les-colleges-classiques\/\">Louise Bienvenue publie un ouvrage sur les coll\u00e8ges classiques<\/a><br><a href=\"https:\/\/chrs.uqam.ca\/index.php\/2013\/03\/27\/table-ronde-trois-variations-sur-la-modernite-penale-1750-1850\/\">Table ronde : Trois variations sur la modernit\u00e9 p\u00e9nale, 1750-1850<\/a><br>\n<\/div><\/div>\n","protected":false},"excerpt":{"rendered":"<p>Ollivier Hubert est professeur titulaire au d\u00e9partement d\u2019histoire de l\u2019Universit\u00e9 de\u00a0Montr\u00e9al. Il est sp\u00e9cialis\u00e9 en histoire culturelle du Qu\u00e9bec. Au\u00a0cours des 25 derni\u00e8res ann\u00e9es, il a publi\u00e9 des recherches en&#8230;<\/p>\n","protected":false},"author":2,"featured_media":0,"parent":65,"menu_order":0,"comment_status":"closed","ping_status":"closed","template":"","meta":{"_monsterinsights_skip_tracking":false,"_monsterinsights_sitenote_active":false,"_monsterinsights_sitenote_note":"","_monsterinsights_sitenote_category":0,"footnotes":""},"class_list":["post-2970","page","type-page","status-publish","hentry"],"_links":{"self":[{"href":"https:\/\/chrs.uqam.ca\/index.php\/wp-json\/wp\/v2\/pages\/2970","targetHints":{"allow":["GET"]}}],"collection":[{"href":"https:\/\/chrs.uqam.ca\/index.php\/wp-json\/wp\/v2\/pages"}],"about":[{"href":"https:\/\/chrs.uqam.ca\/index.php\/wp-json\/wp\/v2\/types\/page"}],"author":[{"embeddable":true,"href":"https:\/\/chrs.uqam.ca\/index.php\/wp-json\/wp\/v2\/users\/2"}],"replies":[{"embeddable":true,"href":"https:\/\/chrs.uqam.ca\/index.php\/wp-json\/wp\/v2\/comments?post=2970"}],"version-history":[{"count":0,"href":"https:\/\/chrs.uqam.ca\/index.php\/wp-json\/wp\/v2\/pages\/2970\/revisions"}],"up":[{"embeddable":true,"href":"https:\/\/chrs.uqam.ca\/index.php\/wp-json\/wp\/v2\/pages\/65"}],"wp:attachment":[{"href":"https:\/\/chrs.uqam.ca\/index.php\/wp-json\/wp\/v2\/media?parent=2970"}],"curies":[{"name":"wp","href":"https:\/\/api.w.org\/{rel}","templated":true}]}}