{"id":188,"date":"2017-01-26T23:34:33","date_gmt":"2017-01-26T22:34:33","guid":{"rendered":"http:\/\/chrs.cieq.ca\/?page_id=188"},"modified":"2022-02-04T11:44:21","modified_gmt":"2022-02-04T15:44:21","slug":"martin-petitclerc","status":"publish","type":"page","link":"https:\/\/chrs.uqam.ca\/index.php\/a-propos\/equipe\/membres-reguliers\/martin-petitclerc\/","title":{"rendered":"Martin Petitclerc"},"content":{"rendered":"<div class=\"su-row\"><div class=\"su-column su-column-size-1-5\"><div class=\"su-column-inner su-u-clearfix su-u-trim\"><img loading=\"lazy\" decoding=\"async\" class=\"alignleft wp-image-9697 size-full\" src=\"https:\/\/chrs.uqam.ca\/wp-content\/uploads\/2022\/02\/martin_petitclerc-1.jpg\" alt=\"\" width=\"371\" height=\"348\" srcset=\"https:\/\/chrs.uqam.ca\/wp-content\/uploads\/2022\/02\/martin_petitclerc-1.jpg 371w, https:\/\/chrs.uqam.ca\/wp-content\/uploads\/2022\/02\/martin_petitclerc-1-300x281.jpg 300w\" sizes=\"auto, (max-width: 371px) 100vw, 371px\" \/><\/div><\/div>\n<div class=\"su-column su-column-size-4-5\"><div class=\"su-column-inner su-u-clearfix su-u-trim\">2004 &#8211; Actuel<\/p>\n<p><strong>Directeur du CHRS<br \/>\nProfesseur titulaire, Universit\u00e9 du Qu\u00e9bec \u00e0 Montr\u00e9al<br \/>\nD\u00e9partement d&rsquo;histoire<\/strong><\/div><\/div><\/div>\n<p>Martin Petitclerc est professeur au D\u00e9partement d&rsquo;histoire de l&rsquo;Universit\u00e9 du Qu\u00e9bec \u00e0 Montr\u00e9al. Il s&rsquo;int\u00e9resse \u00e0 l&rsquo;histoire de l&rsquo;association, de la citoyennet\u00e9, de l&rsquo;\u00e9conomie sociale, des politiques sociales, des mouvements sociaux et de la classe ouvri\u00e8re.<\/p>\n<p>Martin Petitclerc est \u00e9galement membre du Centre interuniversitaire d&rsquo;\u00e9tudes qu\u00e9b\u00e9coises (CIEQ) et collaborateur au Laboratoire d&rsquo;histoire et de patrimoine de Montr\u00e9al (LHPM).<\/p>\n<p><a href=\"https:\/\/chrs.uqam.ca\/index.php\/recherche\/realisations\/publications\/?tgid=&amp;yr=&amp;type=&amp;usr=&amp;auth=260#tppubs\"><strong>Liste des publications<\/strong><\/a><\/p>\n<div class=\"su-spoiler su-spoiler-style-default su-spoiler-icon-chevron su-spoiler-closed\" data-scroll-offset=\"0\" data-anchor-in-url=\"no\"><div class=\"su-spoiler-title\" tabindex=\"0\" role=\"button\"><span class=\"su-spoiler-icon\"><\/span>Coordonn\u00e9es<\/div><div class=\"su-spoiler-content su-u-clearfix su-u-trim\">\n<strong>Adresse :<\/strong><br \/>\nUniversit\u00e9 du Qu\u00e9bec \u00e0 Montr\u00e9al<br \/>\nLocal: A-6210<br \/>\nD\u00e9partement d&rsquo;histoire<br \/>\nC.P. 8888, Succursale Centre Ville<br \/>\nMontr\u00e9al, Qu\u00e9bec<br \/>\nH3C 3P8<\/p>\n<p><strong>T\u00e9l\u00e9phone : <\/strong><br \/>\n514 987-3000 poste 8305<\/p>\n<p><strong>T\u00e9l\u00e9copieur : <\/strong><br \/>\n(514) 987-7813<\/p>\n<p><strong>Courriel : <\/strong><br \/>\npetitclerc.martin@uqam.ca<\/div><\/div>\n<div class=\"su-spoiler su-spoiler-style-default su-spoiler-icon-chevron su-spoiler-closed\" data-scroll-offset=\"0\" data-anchor-in-url=\"no\"><div class=\"su-spoiler-title\" tabindex=\"0\" role=\"button\"><span class=\"su-spoiler-icon\"><\/span>Liens<\/div><div class=\"su-spoiler-content su-u-clearfix su-u-trim\">\n<a href=\"https:\/\/histoire.uqam.ca\/corps-professoral\/professeurs\/professeurs-reguliers\/professeur\/petitclerc.martin\/\" target=\"_blank\" rel=\"noopener\">Page personnelle sur le site du d\u00e9partement d&rsquo;histoire de l&rsquo;UQAM<\/a><br \/>\n<a href=\"https:\/\/chrs.uqam.ca\/index.php\/recherche\/realisations\/publications\/?tgid=&amp;yr=&amp;type=&amp;usr=&amp;auth=260#tppubs\" target=\"_blank\" rel=\"noopener\">Liste des publications de Martin Petitclerc<\/a><br \/>\n<\/div><\/div>\n<div class=\"su-spoiler su-spoiler-style-default su-spoiler-icon-chevron su-spoiler-closed\" data-scroll-offset=\"0\" data-anchor-in-url=\"no\"><div class=\"su-spoiler-title\" tabindex=\"0\" role=\"button\"><span class=\"su-spoiler-icon\"><\/span>Projets de recherche<\/div><div class=\"su-spoiler-content su-u-clearfix su-u-trim\">\n<p><a href=\"https:\/\/chrs.uqam.ca\/index.php\/regulations-sociales-et-familiales-dans-lhistoire-des-problemes-sociaux-au-quebec\/\">R\u00e9gulations sociales et familiales dans l\u2019histoire des probl\u00e8mes sociaux au Qu\u00e9bec<\/a><br \/>\n<a href=\"\/index.php\/recherche\/realisations\/projets-de-recherche-termines\/analyse-historique-de-lacces-aux-services-hospitaliers-au-quebec\/\" target=\"_blank\" rel=\"noopener\">Analyse historique de l&rsquo;acc\u00e8s aux services hospitaliers au Qu\u00e9bec. Une g\u00e9n\u00e9alogie du droit \u00e0 la sant\u00e9<\/a><br \/>\n<a href=\"\/index.php\/recherche\/realisations\/projets-de-recherche-en-cours\/le-gouvernement-de-la-misere\/\" target=\"_blank\" rel=\"noopener\">Le gouvernement de la mis\u00e8re et la citoyennet\u00e9 : pauvret\u00e9, maladie et crime dans l&rsquo;histoire du Qu\u00e9bec<\/a><br \/>\n<a href=\"\/index.php\/recherche\/realisations\/projets-de-recherche-termines\/le-recours-aux-lois-speciales-et-le-droit-de-greve-depuis-1980-au-quebec\/\" target=\"_blank\" rel=\"noopener\">Le recours aux lois sp\u00e9ciales et le droit de gr\u00e8ve depuis 1980 au Qu\u00e9bec: une perspective historique<\/a><br \/>\n<a href=\"\/index.php\/recherche\/realisations\/projets-de-recherche-termines\/de-la-prevoyance-vertueuse-au-pouvoir-du-credit\/\" target=\"_blank\" rel=\"noopener\">De la pr\u00e9voyance vertueuse au pouvoir du cr\u00e9dit. Les origines sociales de la soci\u00e9t\u00e9 de consommation au Qu\u00e9bec, 1880-1960<\/a><br \/>\n<a href=\"\/index.php\/recherche\/realisations\/projets-de-recherche-termines\/une-economie-de-la-rarete\/\" target=\"_blank\" rel=\"noopener\">Une \u00e9conomie de la raret\u00e9 : la r\u00e9gulation sociale de la pauvret\u00e9 \u00e0 Montr\u00e9al, 1840-1921. R\u00e9ponses caritatives et populaires \u00e0 la vuln\u00e9rabilit\u00e9 sociale<\/a><br \/>\n<a href=\"\/index.php\/recherche\/realisations\/projets-de-recherche-en-cours\/lilot-saint-pierre-apotre\/\" target=\"_blank\" rel=\"noopener\">L&rsquo;\u00eelot Saint-Pierre Ap\u00f4tre : un h\u00e9ritage pour la communaut\u00e9<\/a><br \/>\n<a href=\"\/index.php\/recherche\/realisations\/projets-de-recherche-termines\/aux-origines-de-la-societe-du-risque\/\" target=\"_blank\" rel=\"noopener\">Aux origines de la soci\u00e9t\u00e9 du risque : les risques sociaux et les assurances sociales au Qu\u00e9bec et au Canada (1919-1945)<\/a><br \/>\n<a href=\"\/index.php\/recherche\/realisations\/projets-de-recherche-termines\/projet-dinfrastructure-laboratoire-danalyse-historique-des-regulations-sociales-lahrs\/\" target=\"_blank\" rel=\"noopener\">Projet d\u2019infrastructure : Laboratoire d\u2019analyse historique des r\u00e9gulations sociales (LAHRS)<\/a><br \/>\n<a href=\"\/index.php\/recherche\/realisations\/projets-de-recherche-termines\/gestion-des-risques-sociaux-et-reponses-aux-vulnerabilites\/\" target=\"_blank\" rel=\"noopener\">Gestion des risques sociaux et r\u00e9ponses aux vuln\u00e9rabilit\u00e9s et probl\u00e8mes sociaux au Qu\u00e9bec, 19e et 20e si\u00e8cles<\/a><br \/>\n<\/div><\/div>\n<div class=\"su-spoiler su-spoiler-style-default su-spoiler-icon-chevron su-spoiler-closed\" data-scroll-offset=\"0\" data-anchor-in-url=\"no\"><div class=\"su-spoiler-title\" tabindex=\"0\" role=\"button\"><span class=\"su-spoiler-icon\"><\/span>Bourses, prix et distinctions<\/div><div class=\"su-spoiler-content su-u-clearfix su-u-trim\">\n<ul>\n<li style=\"list-style-type: none;\">\n<ul>\n<li><span class=\"s1\">Prix Histoire G\u00e9rard-Parizeau 2018 (co-laur\u00e9at)\u00a0<\/span><\/li>\n<li><span class=\"s1\">Prix de l\u2019Assembl\u00e9e nationale du Qu\u00e9bec pour le meilleur livre d\u2019histoire politique paru en 2018\u00a0<\/span><\/li>\n<li>Prix Guy-et-Lilianne-Fr\u00e9gault de l\u2019Institut d\u2019histoire de l\u2019Am\u00e9rique fran\u00e7aise. Meilleur article de l\u2019ann\u00e9e publi\u00e9 dans la Revue d\u2019histoire de l\u2019Am\u00e9rique fran\u00e7aise (2013, vol. 65).<\/li>\n<li><span class=\"s1\">Prix Clio-Qu\u00e9bec, pour l&rsquo;essai \u00ab \u00ab\u00a0Nous prot\u00e9geons l&rsquo;infortune.\u00a0\u00bb Les origines populaires de l&rsquo;\u00e9conomie sociale au Qu\u00e9bec \u00bb, Soci\u00e9t\u00e9 historique du Canada, 2008<\/span><\/li>\n<li><span class=\"s1\">Prix Lionel-Groulx-Fondation-Yves-Saint-Germain, Institut d\u2019histoire de l\u2019Am\u00e9rique fran\u00e7aise, 2008<\/span><\/li>\n<li><span class=\"s1\">Troisi\u00e8me meilleure th\u00e8se au concours d\u2019excellence de l\u2019Association canadienne pour les \u00e9tudes sup\u00e9rieures (AC\u00c9S-UMI) dans la cat\u00e9gorie sciences humaines, 2005<\/span><\/li>\n<li><span class=\"s1\">Mention d\u2019honneur au concours de l\u2019Institut de recherche en \u00e9conomie contemporaine. Th\u00e8se de doctorat, 2005<\/span><\/li>\n<li><span class=\"s1\">Bourse postdoctorale &#8211; La protection sociale mutualiste au Qu\u00e9bec (1890-1940): une institution d\u2019\u00e9conomie sociale face aux nouveaux besoins de la population ouvri\u00e8re, 2004-2006<\/span><\/li>\n<\/ul>\n<\/li>\n<\/ul>\n<ul>\n<li style=\"list-style-type: none;\"><\/li>\n<\/ul>\n<\/div><\/div>\n<div class=\"su-spoiler su-spoiler-style-default su-spoiler-icon-chevron\" data-scroll-offset=\"0\" data-anchor-in-url=\"no\"><div class=\"su-spoiler-title\" tabindex=\"0\" role=\"button\"><span class=\"su-spoiler-icon\"><\/span>Nouvelles<\/div><div class=\"su-spoiler-content su-u-clearfix su-u-trim\">\n<a href=\"https:\/\/chrs.uqam.ca\/index.php\/2025\/11\/03\/retour-sur-le-congres-de-lihaf-un-prix-pour-janice-harvey-et-un-panel-fascinant-pour-lequipe-du-chrs\/\">Retour sur le Congr\u00e8s de l&rsquo;IHAF : Un prix pour Janice Harvey et un panel fascinant pour l&rsquo;\u00e9quipe du CHRS<\/a><br><a href=\"https:\/\/chrs.uqam.ca\/index.php\/2025\/10\/21\/colloque-quelle-est-la-valeur-du-travail-passe-present-et-futur-de-la-classe-ouvriere-et-des-etudes-sur-le-travail-13-au-15-novembre-2025\/\">Colloque\u00a0\u00ab\u00a0Quelle est la valeur du travail? Pass\u00e9, pr\u00e9sent et futur de la classe ouvri\u00e8re et des \u00e9tudes sur le travail\u00a0\u00bb, 13 au 15 novembre 2025<\/a><br><a href=\"https:\/\/chrs.uqam.ca\/index.php\/2025\/10\/16\/exposition-place-emilie-gamelin-200-ans-de-cohabitation-sociale-invitation-au-vernissage\/\">Exposition Place \u00c9milie-Gamelin\u202f: 200 ans de cohabitation sociale\u00a0&#8211; Invitation au vernissage<\/a><br><a href=\"https:\/\/chrs.uqam.ca\/index.php\/2025\/09\/11\/plusieurs-membres-du-chrs-au-colloque-de-la-chcq\/\">Plusieurs membres du CHRS au colloque de la CHCQ<\/a><br><a href=\"https:\/\/chrs.uqam.ca\/index.php\/2025\/09\/11\/martin-petitclerc-et-camille-champagne-tremblay-signent-un-article-sur-litinerance\/\">Martin Petitclerc et Camille Champagne-Tremblay signent un article sur l&rsquo;itin\u00e9rance<\/a><br><a href=\"https:\/\/chrs.uqam.ca\/index.php\/2025\/04\/10\/projection-et-table-ronde-autour-du-film-les-ordres\/\">Projection et table ronde autour du film <i>Les ordres<\/i><\/a><br><a href=\"https:\/\/chrs.uqam.ca\/index.php\/2025\/02\/23\/dossier-sur-letat-providence-entrevue-de-martin-petitclerc-dans-la-presse\/\">Dossier sur l&rsquo;\u00c9tat-providence: entrevue de Martin Petitclerc dans <i>La Presse<\/i><\/a><br><a href=\"https:\/\/chrs.uqam.ca\/index.php\/2025\/01\/15\/appel-a-communications-pour-un-colloque-sur-le-travail-et-la-classe-ouvriere\/\">Appel \u00e0 communications pour un colloque sur le travail et la classe ouvri\u00e8re<\/a><br><a href=\"https:\/\/chrs.uqam.ca\/index.php\/2024\/10\/02\/lancement-de-les-ordres-un-scenario-et-un-film-de-michel-brault\/\">Lancement de <i>Les ordres: un sc\u00e9nario et un film de Michel Brault<\/i><\/a><br><a href=\"https:\/\/chrs.uqam.ca\/index.php\/2024\/05\/15\/plusieurs-membres-du-chrs-au-colloque-lhistoire-des-familles-quebecoises\/\">Plusieurs membres du CHRS au colloque L&rsquo;histoire des familles qu\u00e9b\u00e9coises<\/a><br><a href=\"https:\/\/chrs.uqam.ca\/index.php\/2024\/03\/29\/martin-petitclerc-et-cory-verbauwhede-dans-mondialisation-et-justice-sociale\/\">Martin Petitclerc et Cory\u00a0Verbauwhede dans <em>Mondialisation et justice sociale<\/em><\/a><br><a href=\"https:\/\/chrs.uqam.ca\/index.php\/2024\/03\/28\/martin-petitclerc-et-benoit-marsan-dans-le-dernier-numero-du-bhp\/\">Martin Petitclerc et Benoit Marsan dans le dernier num\u00e9ro du <em>BHP<\/em><\/a><br><a href=\"https:\/\/chrs.uqam.ca\/index.php\/2024\/03\/13\/martin-petitclerc-participe-a-la-journee-detude-interdisciplinaire-sur-la-dette\/\">Martin Petitclerc participe \u00e0 la Journ\u00e9e d&rsquo;\u00e9tude interdisciplinaire sur la dette<\/a><br><a href=\"https:\/\/chrs.uqam.ca\/index.php\/2024\/01\/31\/lancement-du-nouveau-numero-du-bulletin-dhistoire-politique\/\">Lancement du nouveau num\u00e9ro du <em>Bulletin d&rsquo;histoire politique<\/em><\/a><br><a href=\"https:\/\/chrs.uqam.ca\/index.php\/2024\/01\/18\/invitation-aux-journees-detudes-nouvelles-perspectives-de-recherche-et-de-diffusion-en-histoire-du-travail-des-mouvements-sociaux-et-du-capitalisme\/\">Invitation aux journ\u00e9es d&rsquo;\u00e9tudes <i>Nouvelles perspectives de recherche et de diffusion en histoire du travail, des mouvements sociaux et du capitalisme<\/i><\/a><br><a href=\"https:\/\/chrs.uqam.ca\/index.php\/2023\/09\/25\/appel-a-communication-journees-detude-nouvelles-perspectives-de-recherche-et-de-diffusion-en-histoire-du-travail-des-mouvements-sociaux-et-du-capitalisme\/\">Appel \u00e0 contribution\u00a0: <i>Journ\u00e9es d\u2019\u00e9tudes Nouvelles perspectives de recherche et de diffusion en histoire du travail, des mouvements sociaux et du capitalisme<\/i><\/a><br><a href=\"https:\/\/chrs.uqam.ca\/index.php\/2023\/09\/19\/intervention-de-martin-petitclerc-au-cine-histoire\/\">Intervention de Martin Petitclerc au Cin\u00e9-histoire<\/a><br><a href=\"https:\/\/chrs.uqam.ca\/index.php\/2023\/03\/22\/des-membres-du-chrs-au-colloque-jean-marie-fecteau\/\">Des membres du CHRS au colloque Jean-Marie Fecteau<\/a><br><a href=\"https:\/\/chrs.uqam.ca\/index.php\/2022\/12\/16\/martin-petitclerc-est-interviewe-pour-un-article-sur-les-reactions-populaires-a-linflation\/\">Martin Petitclerc est interview\u00e9 pour un article sur les r\u00e9actions populaires \u00e0 l&rsquo;inflation<\/a><br><a href=\"https:\/\/chrs.uqam.ca\/index.php\/2022\/12\/13\/martin-petitclerc-participe-a-une-expo-et-un-dossier-darticles-sur-le-chainon\/\">Martin Petitclerc participe \u00e0 une expo et un dossier d&rsquo;articles sur Le Cha\u00eenon<\/a><br><a href=\"https:\/\/chrs.uqam.ca\/index.php\/2022\/11\/26\/martin-petitclerc-participera-au-webinaire-les-rendez-vous-de-la-memoire-du-christianisme-social\/\">Martin Petitclerc participera au webinaire <em>Les rendez-vous de la m\u00e9moire du christianisme social<\/em><\/a><br><a href=\"https:\/\/chrs.uqam.ca\/index.php\/2022\/08\/22\/participation-de-nos-membres-au-congres-de-lihaf\/\">Participation de nos membres au congr\u00e8s de l&rsquo;IHAF<\/a><br><a href=\"https:\/\/chrs.uqam.ca\/index.php\/2022\/04\/21\/participation-de-martin-petitclerc-a-lemission-aujourdhui-lhistoire\/\">Participation de Martin Petitclerc \u00e0 l&rsquo;\u00e9mission <em>Aujourd&rsquo;hui l&rsquo;histoire<\/em><\/a><br><a href=\"https:\/\/chrs.uqam.ca\/index.php\/2022\/03\/31\/participation-de-nos-membres-au-colloque-du-premier-mai\/\">Participation de nos membres au Colloque du premier mai<\/a><br><a href=\"https:\/\/chrs.uqam.ca\/index.php\/2022\/01\/31\/contributions-de-nos-membres-a-la-revue-the-canadian-historical-review\/\">Contributions de nos membres \u00e0 la revue <em>The Canadian Historical Review<\/em><\/a><br><a href=\"https:\/\/chrs.uqam.ca\/index.php\/2021\/12\/14\/martin-petitclerc-participe-au-documentaire-les-unions-quossa-donne\/\">Martin Petitclerc participe au documentaire \u00ab Les unions, qu&rsquo;ossa donne? \u00bb<\/a><br><a href=\"https:\/\/chrs.uqam.ca\/index.php\/2021\/09\/13\/invitation-et-inscription-au-colloque-profession-historienne\/\">Invitation et inscription au colloque Profession historienne ?<\/a><br><a href=\"https:\/\/chrs.uqam.ca\/index.php\/2021\/02\/22\/participation-de-nos-membres-au-colloque-des-etudiants-du-departement-des-sciences-historiques-a-lulaval\/\">Participation de nos membres au colloque \u00e9tudiant du D\u00e9partement des sciences historiques \u00e0 l&rsquo;ULaval<\/a><br><a href=\"https:\/\/chrs.uqam.ca\/index.php\/2021\/01\/12\/appel-de-textes-lhistoire-des-droits-de-la-personne-au-quebec-etat-des-lieux-et-perspectives-de-recherche-xixe-et-xxe-siecles\/\">Date limite prolong\u00e9e &#8211; Appel de textes <em>L\u2019histoire des droits de la personne au Qu\u00e9bec : \u00e9tat des lieux et perspectives de recherche (XIXe et XXe si\u00e8cles)<\/em><\/a><br><a href=\"https:\/\/chrs.uqam.ca\/index.php\/2020\/12\/17\/contribution-de-martin-petitclerc-a-latlas-historique-du-quebec\/\">Martin Petitclerc contribue \u00e0 l&rsquo;<em>Atlas historique du Qu\u00e9bec<\/em> sur la culture ouvri\u00e8re \u00e0 Montr\u00e9al-Est au moment de la Conf\u00e9d\u00e9ration<\/a><br><a href=\"https:\/\/chrs.uqam.ca\/index.php\/2020\/09\/24\/parution-de-louvrage-question-sociale-et-citoyenneteaux-presses-de-luniversite-du-quebec\/\">Parution de l&rsquo;ouvrage  <em>Question sociale et citoyennet\u00e9<\/em> aux Presses de l&rsquo;Universit\u00e9 du Qu\u00e9bec<\/a><br><a href=\"https:\/\/chrs.uqam.ca\/index.php\/2020\/07\/14\/parution-de-vice-deviance-et-criminalite-nouveau-dossier-du-bulletin-dhistoire-politique\/\">Parution de \u00ab Vice, d\u00e9viance et criminalit\u00e9 \u00bb un nouveau dossier du Bulletin d&rsquo;histoire politique<\/a><br><a href=\"https:\/\/chrs.uqam.ca\/index.php\/2020\/06\/23\/entretien-avec-jennie-skene-au-sujet-de-la-greve-des-infirmieres-1999\/\">Entretien avec Jennie Skene au sujet de la gr\u00e8ve des infirmi\u00e8res (1999)<\/a><br><a href=\"https:\/\/chrs.uqam.ca\/index.php\/2020\/06\/11\/entretien-avec-diane-lavallee-au-sujet-de-la-greve-des-infirmieres-1989\/\">Entretien avec Diane Lavall\u00e9e au sujet de la gr\u00e8ve des infirmi\u00e8res (1989)<\/a><br><a href=\"https:\/\/chrs.uqam.ca\/index.php\/2020\/04\/20\/revenir-a-lessentiel-un-texte-de-martin-petitclerc-et-camille-robert-publie-dans-la-presse-et-histoireengagee-ca\/\">\u00ab Revenir \u00e0 l&rsquo;essentiel \u00bb, un texte de Martin Petitclerc et Camille Robert publi\u00e9 dans La Presse et HistoireEngag\u00e9e.ca<\/a><br><a href=\"https:\/\/chrs.uqam.ca\/index.php\/2020\/01\/09\/visite-commentee-de-lexposition-dejouer-la-fatalite-pauvrete-familles-institutions-avec-le-commissaire-martin-petitclerc-2\/\">Visite comment\u00e9e de l\u2019exposition <em>D\u00e9jouer la fatalit\u00e9: pauvret\u00e9, familles, institutions <\/em> avec le commissaire Martin Petitclerc<\/a><br><a href=\"https:\/\/chrs.uqam.ca\/index.php\/2019\/11\/13\/martin-petitclerc-participera-a-la-table-ronde-sur-louvrage-on-nest-pas-des-trous-de-cul-dans-le-cadre-du-lancement-de-sa-reedition\/\">Martin Petitclerc participera \u00e0 la table ronde sur l\u2019ouvrage <i>On n\u2019est pas des trous-de-cul<\/i> dans le cadre du lancement de sa r\u00e9\u00e9dition<\/a><br><a href=\"https:\/\/chrs.uqam.ca\/index.php\/2019\/10\/24\/lexposition-dejouer-la-fatalite-dans-le-cahier-special-musees-du-devoir\/\">L&rsquo;exposition <em>D\u00e9jouer la fatalit\u00e9<\/em> dans le cahier sp\u00e9cial mus\u00e9es du Devoir<\/a><br><a href=\"https:\/\/chrs.uqam.ca\/index.php\/2019\/10\/15\/72e-congres-de-linstitut-dhistoire-de-lamerique-francaise-inscription-et-programmation\/\">72e Congr\u00e8s de l\u2019Institut d&rsquo;histoire de l&rsquo;Am\u00e9rique fran\u00e7aise: programmation<\/a><br><a href=\"https:\/\/chrs.uqam.ca\/index.php\/2019\/10\/02\/on-parle-de-lexposition-dejouer-la-fatalite-familles-pauvrete-et-institutions-dans-les-medias\/\">On parle de l&rsquo;exposition <em> D\u00e9jouer la fatalit\u00e9. Familles, pauvret\u00e9 et institutions <\/em> dans les m\u00e9dias<\/a><br><a href=\"https:\/\/chrs.uqam.ca\/index.php\/2019\/09\/09\/martin-petitclerc-presente-lexposition-dejouer-la-fatalite-au-micro-de-lemission-radio-m-lete\/\">Martin Petitclerc pr\u00e9sente l&rsquo;exposition <em> D\u00e9jouer la fatalit\u00e9 <\/em> au micro de l&rsquo;\u00e9mission radio M l&rsquo;\u00e9t\u00e9<\/a><br><a href=\"https:\/\/chrs.uqam.ca\/index.php\/2019\/08\/26\/soutenance-de-these-de-doctorat-en-histoire-de-yuxi-liu\/\">Soutenance de th\u00e8se de doctorat en histoire de Yuxi Liu<\/a><br><a href=\"https:\/\/chrs.uqam.ca\/index.php\/2019\/07\/18\/participation-du-chrs-a-lecole-dete-gouvernement-et-regulations-sociales\/\">Participation du CHRS \u00e0 l&rsquo;\u00c9cole d&rsquo;\u00e9t\u00e9 <em>Gouvernance et r\u00e9gulations sociales<\/em> \u00e0 Paris<\/a><br><a href=\"https:\/\/chrs.uqam.ca\/index.php\/2019\/03\/19\/programmation-du-colloque-jean-marie-fecteau\/\">Programmation du colloque Jean-Marie Fecteau des cycles sup\u00e9rieurs en histoire de l&rsquo;UQAM<\/a><br><a href=\"https:\/\/chrs.uqam.ca\/index.php\/2019\/02\/19\/important-projet-de-numerisation-du-bulletin-dhistoire-politique\/\">Important projet de num\u00e9risation du Bulletin d&rsquo;histoire politique<\/a><br><a href=\"https:\/\/chrs.uqam.ca\/index.php\/2019\/02\/07\/echanges-entre-martin-petitclerc-et-robert-sweeny-dans-la-section-debats-de-la-revue-dhistoire-de-lamerique-francaise\/\">D\u00e9bat entre Martin Petitclerc et Robert Sweeny sur le r\u00f4le de l\u2019\u00c9tat dans le processus d\u2019industrialisation<\/a><br><a href=\"https:\/\/chrs.uqam.ca\/index.php\/2018\/10\/30\/louvrage-greve-et-paix-recompense-au-71e-congres-de-linstitut-dhistoire-de-lamerique-francaise\/\">L&rsquo;ouvrage <em>Gr\u00e8ve et paix<\/em> r\u00e9compens\u00e9 au 71e congr\u00e8s de l&rsquo;Institut d&rsquo;histoire de l&rsquo;Am\u00e9rique fran\u00e7aise<\/a><br><a href=\"https:\/\/chrs.uqam.ca\/index.php\/2018\/09\/19\/conference-de-martin-petitclerc-co-laureat-du-prix-gerard-parizeau-en-histoire-2018\/\">Conf\u00e9rence de Martin Petitclerc, co-laur\u00e9at du Prix Histoire G\u00e9rard-Parizeau 2018<\/a><br><a href=\"https:\/\/chrs.uqam.ca\/index.php\/2018\/09\/04\/noemie-charest-bourdon-et-martin-petitclerc-publient-dans-la-revue-histoire-sociale-social-history\/\">No\u00e9mie Charest-Bourdon et Martin Petitclerc publient dans la revue <em>Histoire sociale \/ Social History <\/em><\/a><br><a href=\"https:\/\/chrs.uqam.ca\/index.php\/2018\/05\/01\/invitation-au-lancement-de-louvrage-greve-et-paix-de-martin-petitclerc-et-martin-robert\/\">Invitation au lancement de l&rsquo;ouvrage <i>Gr\u00e8ve et paix<\/i> de Martin Petitclerc et Martin Robert<\/a><br><a href=\"https:\/\/chrs.uqam.ca\/index.php\/2018\/04\/25\/invitation-au-colloque-du-chrs-vers-une-histoire-politique-du-capitalisme-dans-le-cadre-de-la-conference-internationale-la-grande-transition\/\">Invitation au colloque du CHRS <i>Vers une histoire politique du capitalisme?<\/i>, dans le cadre de la conf\u00e9rence internationale <i>La Grande transition<\/i><\/a><br><a href=\"https:\/\/chrs.uqam.ca\/index.php\/2018\/04\/19\/passage-de-camille-robert-a-plus-on-est-de-fous-plus-on-lit\/\">Passage de Camille Robert \u00e0 <i>Plus on est de fous, plus on lit!<\/i> pour pr\u00e9senter l&rsquo;ouvrage <i>Gr\u00e8ve et paix<\/i><\/a><br><a href=\"https:\/\/chrs.uqam.ca\/index.php\/2018\/03\/14\/martin-petitclerc-et-martin-robert-publieront-un-ouvrage-sur-lhistoire-des-lois-speciales-au-quebec\/\">Martin Petitclerc et Martin Robert publieront un ouvrage sur l&rsquo;histoire des lois sp\u00e9ciales au Qu\u00e9bec<\/a><br><a href=\"https:\/\/chrs.uqam.ca\/index.php\/2018\/03\/09\/martin-petitclerc-et-jaouad-laaroussi-cosignent-un-chapitre-dans-louvrage-collectif-avec-ou-sans-parti-pris\/\">Martin Petitclerc et Jaouad Laaroussi cosignent un chapitre dans l\u2019ouvrage collectif <i>Avec ou sans Parti Pris<\/i><\/a><br><a href=\"https:\/\/chrs.uqam.ca\/index.php\/2017\/06\/05\/traduction-de-la-liberte-du-pauvre-de-jean-marie-fecteau-the-paupers-freedom-crime-and-povrety-in-nineteenth-century-quebec\/\">Parution du livre \u00abThe Pauper&rsquo;s Freedom Crime and povrety in Nineteenth-Century Quebec\u00bb, traduction anglaise de \u00abLa libert\u00e9 du pauvre\u00bb<\/a><br><a href=\"https:\/\/chrs.uqam.ca\/index.php\/2017\/05\/29\/compte-rendu-du-colloque-vices-et-criminalite-dans-lhistoire-du-quebec-et-du-canada\/\">Compte rendu du colloque \u00ab\u00a0Vices et criminalit\u00e9 dans l\u2019histoire du Qu\u00e9bec et du Canada\u00a0\u00bb<\/a><br><a href=\"https:\/\/chrs.uqam.ca\/index.php\/2016\/11\/21\/nouvelle-parution-du-bulletin-du-centre-dhistoire-et-darchives-du-travail-chat\/\">Nouvelle parution du Bulletin du Centre d&rsquo;histoire et d&rsquo;archives du travail (CHAT)<\/a><br><a href=\"https:\/\/chrs.uqam.ca\/index.php\/2016\/11\/14\/martin-petitclerc-et-cory-verbauwhede-signent-un-article-dans-le-devoir-contre-la-reforme-de-laide-sociale\/\">Martin Petitclerc et Cory Verbauwhede signent un article dans le Devoir contre la r\u00e9forme de l&rsquo;aide sociale<\/a><br><a href=\"https:\/\/chrs.uqam.ca\/index.php\/2016\/10\/21\/lancement-de-louvrage-au-nom-de-la-securite-criminalisation-de-la-contestation-et-patholigisation-des-marges\/\">Lancement de l\u2019ouvrage \u00ab Au nom de la s\u00e9curit\u00e9! Criminalisation de la contestation et patholigisation des marges \u00bb<\/a><br><a href=\"https:\/\/chrs.uqam.ca\/index.php\/2016\/10\/18\/le-droit-de-greve-et-les-lois-speciales-au-quebec-une-perspective-historique\/\">Le droit de gr\u00e8ve et les lois sp\u00e9ciales au Qu\u00e9bec : Une perspective historique<\/a><br><a href=\"https:\/\/chrs.uqam.ca\/index.php\/2016\/09\/08\/lancement-du-dernier-numero-du-bulletin-dhistoire-politique-des-marges-et-des-normes-reflexions-sur-la-carriere-de-jean-marie-fecteau\/\">Lancement du dernier num\u00e9ro du Bulletin d\u2019histoire politique, \u00ab Des marges et des normes. R\u00e9flexions sur la carri\u00e8re de Jean-Marie Fecteau \u00bb<\/a><br><a href=\"https:\/\/chrs.uqam.ca\/index.php\/2016\/08\/16\/martin-petitclerc\/\">Entretien avec Martin Petitclerc<\/a><br><a href=\"https:\/\/chrs.uqam.ca\/index.php\/2016\/05\/30\/martin-petitclerc-denonce-avec-plus-de-250-autres-professeur-e-s-duniversite-le-projet-de-loi-70-sur-la-reforme-de-laide-sociale\/\">Martin Petitclerc d\u00e9nonce avec plus de 250 autres professeur.e.s d\u2019universit\u00e9 le projet de loi 70 sur la r\u00e9forme de l\u2019aide sociale.<\/a><br><a href=\"https:\/\/chrs.uqam.ca\/index.php\/2016\/03\/14\/table-ronde-sur-jean-marie-fecteau-et-la-pratique-de-lhistoire-au-colloque-des-cycles-superieurs-en-histoire-de-luqam\/\">Table ronde sur Jean-Marie Fecteau et la pratique de l\u2019histoire au Colloque des cycles sup\u00e9rieurs en histoire de l\u2019UQAM<\/a><br><a href=\"https:\/\/chrs.uqam.ca\/index.php\/2015\/10\/11\/martin-petitclerc-au-college-de-maisonneuve\/\">Martin Petitclerc au Coll\u00e8ge de Maisonneuve<\/a><br><a href=\"https:\/\/chrs.uqam.ca\/index.php\/2015\/08\/22\/colloque-interdisciplinaire-sur-lhopital-ipsscriem-au-musee-mccord\/\">Colloque interdisciplinaire sur l\u2019H\u00f4pital IPSS\/CRIEM au mus\u00e9e McCord<\/a><br><a href=\"https:\/\/chrs.uqam.ca\/index.php\/2015\/06\/11\/martin-petitclerc-et-louise-bienvenue-a-luniversite-de-lille-3\/\">Martin Petitclerc et Louise Bienvenue \u00e0 l&rsquo;Universit\u00e9 de Lille 3<\/a><br><a href=\"https:\/\/chrs.uqam.ca\/index.php\/2015\/05\/26\/lancement-du-dernier-numero-du-bulletin-dhistoire-politique-les-commissions-denquete-le-26-mai-prochain\/\">Lancement du dernier num\u00e9ro du Bulletin d&rsquo;histoire politique \u00abLes commissions d&rsquo;enqu\u00eate\u00bb le 26 mai prochain<\/a><br><a href=\"https:\/\/chrs.uqam.ca\/index.php\/2015\/04\/09\/des-etudiant-e-s-et-des-profs-prennent-position\/\">Des \u00e9tudiant.e.s et des profs prennent position<\/a><br><a href=\"https:\/\/chrs.uqam.ca\/index.php\/2015\/04\/04\/colloque-100-ans-de-production-et-de-diffusion-de-notre-histoire\/\">Colloque \u00ab100 ans de production et de diffusion de notre histoire\u00bb<\/a><br><a href=\"https:\/\/chrs.uqam.ca\/index.php\/2015\/04\/03\/lancement-du-livre-lurgence-de-renouveler-le-syndicalisme\/\">Lancement du livre \u00abL&rsquo;urgence de renouveler le syndicalisme\u00bb<\/a><br><a href=\"https:\/\/chrs.uqam.ca\/index.php\/2015\/02\/20\/formation-sur-lhistoire-syndicale\/\">Formation sur l&rsquo;histoire syndicale<\/a><br><a href=\"https:\/\/chrs.uqam.ca\/index.php\/2015\/02\/19\/martin-petitclerc-avocat-du-diable-de-lidentite-historique-des-nations\/\">Martin Petitclerc avocat du diable \u00abde l&rsquo;identit\u00e9 historique des nations\u00bb<\/a><br><a href=\"https:\/\/chrs.uqam.ca\/index.php\/2014\/09\/15\/derniere-parution-de-la-revue-globe-le-risque-et-lhistoire-du-quebec\/\">Derni\u00e8re parution de la revue Globe : le risque et l&rsquo;histoire du Qu\u00e9bec<\/a><br><a href=\"https:\/\/chrs.uqam.ca\/index.php\/2014\/06\/06\/679\/\">Martin Petitclerc et Martin Robert accordent une entrevue au Journal CSQ<\/a><br><a href=\"https:\/\/chrs.uqam.ca\/index.php\/2014\/06\/02\/lequipe-du-chrs-recoit-une-subvention-du-fonds-de-recherche-quebecois-sur-la-societe-et-la-culture\/\">L&rsquo;\u00e9quipe du CHRS re\u00e7oit une subvention du Fonds de recherche qu\u00e9b\u00e9cois sur la soci\u00e9t\u00e9 et la culture<\/a><br><a href=\"https:\/\/chrs.uqam.ca\/index.php\/2014\/04\/24\/une-seance-chrs-au-congres-de-la-society-for-french-historical-studies-a-luqam\/\">Une s\u00e9ance CHRS au Congr\u00e8s de la Society for French Historical Studies \u00e0 l&rsquo;UQAM<\/a><br><a href=\"https:\/\/chrs.uqam.ca\/index.php\/2014\/04\/17\/martin-petitclerc-prend-position-sur-lenseignement-de-lhistoire-et-presente-sa-recherche-sur-les-lois-speciales\/\">Martin Petitclerc prend position sur l&rsquo;enseignement de l&rsquo;histoire et pr\u00e9sente sa recherche sur les lois sp\u00e9ciales<\/a><br><a href=\"https:\/\/chrs.uqam.ca\/index.php\/2014\/02\/24\/martin-petitclerc-et-marcelo-otero-participent-a-un-colloque-a-luqam-sur-la-criminalisation-de-lopposition-et-la-pathologisation-des-marges\/\">Martin Petitclerc et Marcelo Otero participent \u00e0 un colloque \u00e0 l&rsquo;UQAM sur la criminalisation de l&rsquo;opposition et la pathologisation des marges<\/a><br><a href=\"https:\/\/chrs.uqam.ca\/index.php\/2014\/01\/17\/martin-petitclerc-et-martin-robert-en-entrevue-a-lautjournal\/\">Martin Petitclerc et Martin Robert en entrevue \u00e0 l&rsquo;Aut&rsquo;Journal<\/a><br><a href=\"https:\/\/chrs.uqam.ca\/index.php\/2013\/11\/30\/un-article-signe-martin-petitclerc-et-martin-robert-parait-dans-letat-du-quebec\/\">Un article sign\u00e9 Martin Petitclerc et Martin Robert para\u00eet dans L&rsquo;\u00e9tat du Qu\u00e9bec<\/a><br><a href=\"https:\/\/chrs.uqam.ca\/index.php\/2013\/11\/12\/faut-se-parler-du-droit-a-la-negociation-formation-du-ciso-aux-jqsi\/\">\u00abFaut se parler du droit \u00e0 la n\u00e9gociation\u00bb : formation du CISO aux JQSI<\/a><br><a href=\"https:\/\/chrs.uqam.ca\/index.php\/2013\/10\/17\/martin-petitclerc-recoit-le-prix-guy-et-lilianne-fregault-de-linstitut-dhistoire-de-lamerique-francaise\/\">Martin Petitclerc re\u00e7oit le prix Guy-et-Lilianne Fr\u00e9gault de l&rsquo;Institut d&rsquo;histoire de l&rsquo;Am\u00e9rique fran\u00e7aise<\/a><br><a href=\"https:\/\/chrs.uqam.ca\/index.php\/2013\/10\/10\/louise-bienvenue-donald-fyson-et-martin-petitclerc-participeront-a-une-table-ronde-sur-loeuvre-de-jean-marie-fecteau-au-congres-de-lihaf\/\">Louise Bienvenue, Donald Fyson et Martin Petitclerc participeront \u00e0 une table-ronde sur l&rsquo;oeuvre de Jean-Marie Fecteau au congr\u00e8s de l&rsquo;IHAF<\/a><br><a href=\"https:\/\/chrs.uqam.ca\/index.php\/2013\/10\/02\/martin-petitclerc-et-jaouad-laaroussi-participent-au-colloque-avec-ou-sans-parti-pris\/\">Martin Petitclerc et Jaouad Laaroussi participent au colloque \u00abAvec ou sans Parti pris\u00bb<\/a><br><a href=\"https:\/\/chrs.uqam.ca\/index.php\/2013\/07\/07\/louise-bienvenue-dirige-le-dernier-numero-de-la-revue-dhistoire-de-lamerique-francaise\/\">Louise Bienvenue dirige le dernier num\u00e9ro de la Revue d&rsquo;histoire de l&rsquo;Am\u00e9rique fran\u00e7aise<\/a><br><a href=\"https:\/\/chrs.uqam.ca\/index.php\/2013\/05\/13\/des-chercheures-et-etudiantes-du-chrs-participeront-a-ledition-2013-du-congres-canadien-des-sciences-humaines-a-victoria\/\">Des chercheures et \u00e9tudiantes du CHRS participeront \u00e0 l\u2019\u00e9dition 2013 du Congr\u00e8s canadien des sciences humaines \u00e0 Victoria<\/a><br><a href=\"https:\/\/chrs.uqam.ca\/index.php\/2013\/03\/26\/retour-sur-la-communication-de-martin-robert-au-colloque-du-groupe-dhistoire-de-montreal\/\">Retour sur la communication de Martin Robert au colloque du Groupe d&rsquo;histoire de Montr\u00e9al<\/a><br><a href=\"https:\/\/chrs.uqam.ca\/index.php\/2013\/02\/24\/disponible-en-ligne-une-conference-de-martin-petitclerc-sur-la-repression-des-mouvements-sociaux\/\">Disponible en ligne : une conf\u00e9rence de Martin Petitclerc sur la r\u00e9pression des mouvements sociaux<\/a><br><a href=\"https:\/\/chrs.uqam.ca\/index.php\/2013\/02\/04\/martin-petitclerc-participera-a-la-table-ronde-etre-montrealais-au-19e-siecle-mercredi-le-13-fevrier-prochain\/\">Martin Petitclerc participera \u00e0 la table-ronde \u00ab\u00catre Montr\u00e9alais au 19e si\u00e8cle\u00bb mercredi le 13 f\u00e9vrier prochain<\/a><br><a href=\"https:\/\/chrs.uqam.ca\/index.php\/2013\/01\/07\/pour-une-histoire-du-risque-un-lancement-reussi\/\">Pour une histoire du risque : un lancement r\u00e9ussi<\/a><br><a href=\"https:\/\/chrs.uqam.ca\/index.php\/2012\/09\/12\/retrospective-de-la-greve-etudiante-au-chrs\/\">R\u00e9trospective de la gr\u00e8ve \u00e9tudiante au CHRS<\/a><br><a href=\"https:\/\/chrs.uqam.ca\/index.php\/2012\/06\/13\/parution-du-livre-pour-une-histoire-du-risque-aux-presses-de-luniversite-du-quebec\/\">Parution du livre Pour une histoire du risque aux Presses de l&rsquo;Universit\u00e9 du Qu\u00e9bec<\/a><br><a href=\"https:\/\/chrs.uqam.ca\/index.php\/2012\/06\/05\/martin-petitclerc-signe-un-article-sur-la-greve-etudiante-dans-la-revue-du-mauss-permanente\/\">Martin Petitclerc signe un article sur la gr\u00e8ve \u00e9tudiante dans la Revue du MAUSS permanente<\/a><br><a href=\"https:\/\/chrs.uqam.ca\/index.php\/2012\/05\/30\/les-empecheurs-de-gouverner-en-paix-une-entrevue-avec-martin-petitclerc-sur-la-repression-des-mouvements-sociaux\/\">\u00ab\u00a0Les emp\u00eacheurs de gouverner en paix \u00bb : une entrevue avec Martin Petitclerc sur la r\u00e9pression des mouvements sociaux<\/a><br><a href=\"https:\/\/chrs.uqam.ca\/index.php\/2012\/05\/29\/martin-petitclerc-questionne-sur-la-greve-etudiante-par-le-journal-belge-la-libre\/\">Martin Petitclerc questionn\u00e9 sur la gr\u00e8ve \u00e9tudiante par le journal belge La Libre<\/a><br><a href=\"https:\/\/chrs.uqam.ca\/index.php\/2012\/05\/18\/des-membres-du-chrs-denoncent-la-loi-speciale-du-gouvernement-charest\/\">Des membres du CHRS d\u00e9noncent la loi sp\u00e9ciale du gouvernement Charest<\/a><br><a href=\"https:\/\/chrs.uqam.ca\/index.php\/2012\/03\/28\/martin-petitclerc-a-donne-une-conference-sur-les-mouvements-sociaux-au-centre-promis\/\">Martin Petitclerc a donn\u00e9 une conf\u00e9rence sur les mouvements sociaux au centre PROMIS<\/a><br><a href=\"https:\/\/chrs.uqam.ca\/index.php\/2012\/03\/24\/un-groupe-du-chrs-sest-joint-a-la-manifestation-etudiante-du-22-mars\/\">Un groupe du CHRS s&rsquo;est joint \u00e0 la manifestation \u00e9tudiante du 22 mars<\/a><br><a href=\"https:\/\/chrs.uqam.ca\/index.php\/2012\/03\/20\/retour-sur-la-conference-de-martin-petitclerc-au-colloque-de-lassociation-des-diplomes-en-histoire-de-luniversite-de-montreal\/\">Retour sur la conf\u00e9rence de Martin Petitclerc au colloque de l&rsquo;Association des dipl\u00f4m\u00e9s en histoire de l&rsquo;Universit\u00e9 de Montr\u00e9al<\/a><br><a href=\"https:\/\/chrs.uqam.ca\/index.php\/2012\/03\/15\/martin-petitclerc-signe-un-manifeste-en-appui-a-la-greve-etudiante\/\">Martin Petitclerc signe un manifeste en appui \u00e0 la gr\u00e8ve \u00e9tudiante<\/a><br><a href=\"https:\/\/chrs.uqam.ca\/index.php\/2012\/02\/19\/lancement-du-livre-par-dessus-le-marche-reflexions-critiques-sur-le-capitalisme-dans-lequel-martin-petitclerc-signe-un-texte\/\">Lancement du livre Par-dessus le march\u00e9! R\u00e9flexions critiques sur le capitalisme, dans lequel Martin Petitclerc signe un texte<\/a><br><a href=\"https:\/\/chrs.uqam.ca\/index.php\/2012\/02\/16\/le-chrs-devoile-le-programme-preliminaire-de-son-colloque-a-lacfas\/\">Le CHRS d\u00e9voile le programme pr\u00e9liminaire de son colloque \u00e0 l&rsquo;ACFAS<\/a><br><a href=\"https:\/\/chrs.uqam.ca\/index.php\/2012\/01\/17\/debat-sur-lhistoire-politique-et-lhistoire-nationale-des-chercheurs-du-chrs-prennent-position\/\">D\u00e9bat sur l\u2019histoire politique et l\u2019histoire nationale : des chercheurs du CHRS prennent position<\/a><br><a href=\"https:\/\/chrs.uqam.ca\/index.php\/2011\/04\/01\/retour-sur-la-conference-du-printemps-de-lunite-de-recherche-sur-lhistoire-des-sciences-infirmieres-de-lams-a-luniversite-dottawa\/\">Retour sur la conf\u00e9rence du printemps de l&rsquo;Unit\u00e9 de recherche sur l&rsquo;histoire des sciences infirmi\u00e8res de l&rsquo;AMS \u00e0 l&rsquo;Universit\u00e9 d&rsquo;Ottawa<\/a><br><a href=\"https:\/\/chrs.uqam.ca\/index.php\/2011\/03\/02\/conference-du-printemps-de-lunite-de-recherche-sur-lhistoire-des-sciences-infirmieres-de-lams-presentation-de-martin-petitclerc\/\">Conf\u00e9rence du printemps de l\u2019Unit\u00e9 de recherche sur l\u2019histoire des sciences infirmi\u00e8res de l\u2019AMS : pr\u00e9sentation de Martin Petitclerc<\/a><br><a href=\"https:\/\/chrs.uqam.ca\/index.php\/2011\/02\/10\/colloque-sur-la-montee-du-conservatisme-au-quebec\/\">Colloque sur la mont\u00e9e du conservatisme au Qu\u00e9bec<\/a><br><a href=\"https:\/\/chrs.uqam.ca\/index.php\/2010\/07\/01\/libre-opinion-la-revolution-tranquille-est-elle-un-bloc-dautres-reponses\/\">Libre opinion &#8211; La R\u00e9volution tranquille est-elle un bloc? D&rsquo;autres r\u00e9ponses&#8230;<\/a><br><a href=\"https:\/\/chrs.uqam.ca\/index.php\/2010\/04\/16\/fonds-des-leaders\/\">Fonds des leaders<\/a><br><a href=\"https:\/\/chrs.uqam.ca\/index.php\/2010\/04\/14\/participation-de-martin-petitclerc-au-colloque-capitalisme-et-anticapitalisme\/\">Participation de Martin Petitclerc au Colloque Capitalisme et Anticapitalisme<\/a><br><a href=\"https:\/\/chrs.uqam.ca\/index.php\/2009\/11\/19\/le-professeur-martin-petitclerc-remporte-le-prix-clio-quebec\/\">Le professeur Martin Petitclerc remporte le prix Clio-Qu\u00e9bec<\/a><br><a href=\"https:\/\/chrs.uqam.ca\/index.php\/2009\/11\/10\/nous-protegeons-linfortune-les-origines-populaires-de-leconomie-sociale-au-quebec\/\">\u00ab Nous prot\u00e9geons l&rsquo;infortune \u00bb &#8211; Les origines populaires de l&rsquo;\u00e9conomie sociale au Qu\u00e9bec<\/a><br>\n<\/div><\/div>\n","protected":false},"excerpt":{"rendered":"<p>Martin Petitclerc est professeur au D\u00e9partement d&rsquo;histoire de l&rsquo;Universit\u00e9 du Qu\u00e9bec \u00e0 Montr\u00e9al. Il s&rsquo;int\u00e9resse \u00e0 l&rsquo;histoire de l&rsquo;association, de la citoyennet\u00e9, de l&rsquo;\u00e9conomie sociale, des politiques sociales, des mouvements&#8230;<\/p>\n","protected":false},"author":2,"featured_media":0,"parent":65,"menu_order":10,"comment_status":"closed","ping_status":"closed","template":"","meta":{"_monsterinsights_skip_tracking":false,"_monsterinsights_sitenote_active":false,"_monsterinsights_sitenote_note":"","_monsterinsights_sitenote_category":0,"footnotes":""},"class_list":["post-188","page","type-page","status-publish","hentry"],"_links":{"self":[{"href":"https:\/\/chrs.uqam.ca\/index.php\/wp-json\/wp\/v2\/pages\/188","targetHints":{"allow":["GET"]}}],"collection":[{"href":"https:\/\/chrs.uqam.ca\/index.php\/wp-json\/wp\/v2\/pages"}],"about":[{"href":"https:\/\/chrs.uqam.ca\/index.php\/wp-json\/wp\/v2\/types\/page"}],"author":[{"embeddable":true,"href":"https:\/\/chrs.uqam.ca\/index.php\/wp-json\/wp\/v2\/users\/2"}],"replies":[{"embeddable":true,"href":"https:\/\/chrs.uqam.ca\/index.php\/wp-json\/wp\/v2\/comments?post=188"}],"version-history":[{"count":0,"href":"https:\/\/chrs.uqam.ca\/index.php\/wp-json\/wp\/v2\/pages\/188\/revisions"}],"up":[{"embeddable":true,"href":"https:\/\/chrs.uqam.ca\/index.php\/wp-json\/wp\/v2\/pages\/65"}],"wp:attachment":[{"href":"https:\/\/chrs.uqam.ca\/index.php\/wp-json\/wp\/v2\/media?parent=188"}],"curies":[{"name":"wp","href":"https:\/\/api.w.org\/{rel}","templated":true}]}}