{"id":155,"date":"2017-01-26T22:29:42","date_gmt":"2017-01-26T21:29:42","guid":{"rendered":"http:\/\/chrs.cieq.ca\/?page_id=155"},"modified":"2022-02-04T11:53:09","modified_gmt":"2022-02-04T15:53:09","slug":"donald-fyson","status":"publish","type":"page","link":"https:\/\/chrs.uqam.ca\/index.php\/a-propos\/equipe\/membres-reguliers\/donald-fyson\/","title":{"rendered":"Donald Fyson"},"content":{"rendered":"<div class=\"su-row\"><div class=\"su-column su-column-size-1-5\"><div class=\"su-column-inner su-u-clearfix su-u-trim\"><img loading=\"lazy\" decoding=\"async\" class=\"alignleft size-full wp-image-156\" src=\"\/wp-content\/uploads\/2017\/01\/Fyson_site.jpeg\" alt=\"\" width=\"121\" height=\"140\" \/><\/div><\/div>\n<div class=\"su-column su-column-size-4-5\"><div class=\"su-column-inner su-u-clearfix su-u-trim\">2012 &#8211; Actuel<\/p>\n<p><strong>Professeur titulaire, Universit\u00e9 Laval<br \/>\nD\u00e9partement des sciences historiques<\/strong><\/div><\/div><\/div>\n<p>Donald Fyson est professeur titulaire au D\u00e9partement des sciences historiques de l&rsquo;Universit\u00e9 Laval. Il est sp\u00e9cialiste de l&rsquo;histoire du Qu\u00e9bec aux XVIIIe, XIXe et XXe si\u00e8cles, notamment dans le domaine de l&rsquo;histoire sociopolitique. Il s&rsquo;int\u00e9resse en particulier aux rapports entre \u00c9tat, droit et soci\u00e9t\u00e9 et plus particuli\u00e8rement \u00e0 la justice criminelle et civile, la police et l&rsquo;administration locale. Ces th\u00e8mes sont d\u00e9velopp\u00e9s dans plusieurs articles et un livre, Magistrates, Police, and People: Everyday Criminal Justice in Quebec and Lower Canada, 1764-1837 (2006) dont la traduction r\u00e9vis\u00e9e a \u00e9t\u00e9 publi\u00e9e chez Hurtubise (2010). Donald Fyson est \u00e9galement sp\u00e9cialiste des applications informatiques en histoire (bases de donn\u00e9es, num\u00e9risation des sources, etc.) et des m\u00e9thodologies de la recherche historique (critique des sources, m\u00e9thodes quantitatives et qualitatives, prosopographie, etc.). Il m\u00e8ne actuellement des recherches sur les effets juridiques et sociaux de la conqu\u00eate britannique du Qu\u00e9bec, sur la justice p\u00e9nale \u00e0 Qu\u00e9bec de 1760 \u00e0 1965, sur la peine capitale au Qu\u00e9bec de 1760 \u00e0 1965 et sur la violence interpersonnelle au Qu\u00e9bec \/ Bas-Canada.<\/p>\n<p><strong><a href=\"https:\/\/chrs.uqam.ca\/index.php\/recherche\/realisations\/publications\/?tgid=&amp;yr=&amp;type=&amp;usr=&amp;auth=8#tppubs\" target=\"_blank\" rel=\"noopener\">Liste des publications<\/a><\/strong><\/p>\n<div class=\"su-spoiler su-spoiler-style-default su-spoiler-icon-chevron su-spoiler-closed\" data-scroll-offset=\"0\" data-anchor-in-url=\"no\"><div class=\"su-spoiler-title\" tabindex=\"0\" role=\"button\"><span class=\"su-spoiler-icon\"><\/span>Coordonn\u00e9es<\/div><div class=\"su-spoiler-content su-u-clearfix su-u-trim\">\n<strong>Courriel : <\/strong><br \/>\ndonald.fyson@hst.ulaval.ca<\/div><\/div>\n<div class=\"su-spoiler su-spoiler-style-default su-spoiler-icon-chevron su-spoiler-closed\" data-scroll-offset=\"0\" data-anchor-in-url=\"no\"><div class=\"su-spoiler-title\" tabindex=\"0\" role=\"button\"><span class=\"su-spoiler-icon\"><\/span>Liens<\/div><div class=\"su-spoiler-content su-u-clearfix su-u-trim\">\n<a href=\"https:\/\/chrs.uqam.ca\/wp-content\/uploads\/2019\/01\/Fyson_Donald.pdf\">CV de Donald Fyson<\/a><br \/>\n<a href=\"http:\/\/www.hst.ulaval.ca\/le-departement\/personnel\/professeurs\/histoire\/fyson-donald\/\">Page sur le site du d\u00e9partement d&rsquo;histoire de l&rsquo;Universit\u00e9 Laval<br \/>\n<\/a><a href=\"\/index.php\/recherche\/realisations\/publications\/?tgid=&amp;yr=&amp;type=&amp;usr=&amp;auth=8#tppubs\">Liste des publications de Donald Fyson<\/a><br \/>\n<\/div><\/div>\n<div class=\"su-spoiler su-spoiler-style-default su-spoiler-icon-chevron su-spoiler-closed\" data-scroll-offset=\"0\" data-anchor-in-url=\"no\"><div class=\"su-spoiler-title\" tabindex=\"0\" role=\"button\"><span class=\"su-spoiler-icon\"><\/span>Projets de recherche<\/div><div class=\"su-spoiler-content su-u-clearfix su-u-trim\">\n<a href=\"https:\/\/chrs.uqam.ca\/index.php\/regulations-sociales-et-familiales-dans-lhistoire-des-problemes-sociaux-au-quebec\/\">R\u00e9gulations sociales et familiales dans l&rsquo;histoire des probl\u00e8mes sociaux au Qu\u00e9bec<\/a><br \/>\n<a href=\"\/index.php\/recherche\/realisations\/projets-de-recherche-en-cours\/le-gouvernement-de-la-misere\/\" target=\"_blank\" rel=\"noopener\">Le gouvernement de la mis\u00e8re et la citoyennet\u00e9 : pauvret\u00e9, maladie et crime dans l&rsquo;histoire du Qu\u00e9bec<\/a><br \/>\n<a href=\"\/index.php\/recherche\/realisations\/projets-de-recherche-en-cours\/familles-droit-et-justice-au-quebec\/\" target=\"_blank\" rel=\"noopener\">Familles, droit et justice au Qu\u00e9bec, 1840-1920<\/a><br \/>\n<\/div><\/div>\n<div class=\"su-spoiler su-spoiler-style-default su-spoiler-icon-chevron su-spoiler-closed\" data-scroll-offset=\"0\" data-anchor-in-url=\"no\"><div class=\"su-spoiler-title\" tabindex=\"0\" role=\"button\"><span class=\"su-spoiler-icon\"><\/span>Bourses, prix et distinctions<\/div><div class=\"su-spoiler-content su-u-clearfix su-u-trim\">\n<ul>\n<li>2012 : finaliste, Prix du Canada en sciences sociales (meilleur ouvrage subventionn\u00e9 par la F\u00e9d\u00e9ration canadienne des sciences humaines)<\/li>\n<li>Prix Lionel-Groulx Fondation Yves-Saint-Germain de l&rsquo;Institut d&rsquo;histoire de l&rsquo;Am\u00e9rique fran\u00e7aise 2007<\/li>\n<li>Prix Clio de la Soci\u00e9t\u00e9 historique du Canada 2007\u00a0(meilleur livre en histoire du Qu\u00e9bec)<\/li>\n<li>Prix du meilleur livre, Association canadienne Droit et soci\u00e9t\u00e9 2007 (meilleur livre canadien en histoire socio-juridique)<\/li>\n<li>Prix Clio de la Soci\u00e9t\u00e9 historique du Canada 2001 (meilleur livre en histoire du Qu\u00e9bec)<br \/>\n<\/div><\/div><\/li>\n<\/ul>\n<div class=\"su-spoiler su-spoiler-style-default su-spoiler-icon-chevron\" data-scroll-offset=\"0\" data-anchor-in-url=\"no\"><div class=\"su-spoiler-title\" tabindex=\"0\" role=\"button\"><span class=\"su-spoiler-icon\"><\/span>Nouvelles<\/div><div class=\"su-spoiler-content su-u-clearfix su-u-trim\">\n<a href=\"https:\/\/chrs.uqam.ca\/index.php\/2025\/11\/03\/retour-sur-le-congres-de-lihaf-un-prix-pour-janice-harvey-et-un-panel-fascinant-pour-lequipe-du-chrs\/\">Retour sur le Congr\u00e8s de l&rsquo;IHAF : Un prix pour Janice Harvey et un panel fascinant pour l&rsquo;\u00e9quipe du CHRS<\/a><br><a href=\"https:\/\/chrs.uqam.ca\/index.php\/2025\/10\/02\/plusieurs-membres-du-chrs-au-congres-annuel-de-lihaf\/\">Plusieurs membres du CHRS au congr\u00e8s annuel de l&rsquo;IHAF<\/a><br><a href=\"https:\/\/chrs.uqam.ca\/index.php\/2023\/01\/30\/participation-de-donald-fyson-a-latelier-de-recherche-regards-croises-pour-une-histoire-de-la-materialite-policiere-quebec-belgique\/\">Participation de Donald Fyson \u00e0 l&rsquo;atelier de recherche <em>Regards crois\u00e9s pour une histoire de la mat\u00e9rialit\u00e9 polici\u00e8re (Qu\u00e9bec-Belgique)<\/em><\/a><br><a href=\"https:\/\/chrs.uqam.ca\/index.php\/2022\/11\/07\/table-ronde-sur-les-deux-solitudes-linguistiques-en-histoire\/\">Table ronde sur les deux solitudes linguistiques en histoire<\/a><br><a href=\"https:\/\/chrs.uqam.ca\/index.php\/2022\/11\/04\/donald-fyson-participe-a-lemission-la-face-cachee-du-morrin-centre-sur-matv\/\">Donald Fyson participe \u00e0 l&rsquo;\u00e9mission <em>La face cach\u00e9e du Morrin Centre<\/em> sur MAtv<\/a><br><a href=\"https:\/\/chrs.uqam.ca\/index.php\/2022\/08\/22\/participation-de-nos-membres-au-congres-de-lihaf\/\">Participation de nos membres au congr\u00e8s de l&rsquo;IHAF<\/a><br><a href=\"https:\/\/chrs.uqam.ca\/index.php\/2022\/05\/17\/deuxieme-rencontre-du-seminaire-acteurs-espaces-et-politiques-echelles-et-temps-de-la-regulation\/\">Deuxi\u00e8me rencontre du s\u00e9minaire <em>Acteurs, espaces et politiques: \u00e9chelles et temps de la r\u00e9gulation<\/em><\/a><br><a href=\"https:\/\/chrs.uqam.ca\/index.php\/2022\/04\/20\/participation-de-donald-fyson-et-anne-marie-dubreuil-a-lacfas-2022\/\">Participation de Donald Fyson et Anne-Marie Dubreuil \u00e0 l\u2019ACFAS 2022<\/a><br><a href=\"https:\/\/chrs.uqam.ca\/index.php\/2022\/03\/31\/participation-de-nos-membres-au-colloque-du-premier-mai\/\">Participation de nos membres au Colloque du premier mai<\/a><br><a href=\"https:\/\/chrs.uqam.ca\/index.php\/2022\/01\/31\/contributions-de-nos-membres-a-la-revue-the-canadian-historical-review\/\">Contributions de nos membres \u00e0 la revue <em>The Canadian Historical Review<\/em><\/a><br><a href=\"https:\/\/chrs.uqam.ca\/index.php\/2022\/01\/12\/invitation-aux-journees-detude-cieq-tempora-sur-la-regulation-les-28-janvier-et-20-mai-2022\/\">Invitation aux journ\u00e9es d\u2019\u00e9tude CIEQ-Tempora sur la r\u00e9gulation les 28 janvier et 20 mai 2022<\/a><br><a href=\"https:\/\/chrs.uqam.ca\/index.php\/2021\/11\/08\/appel-a-communications-du-74e-congres-de-lihaf\/\">Appel \u00e0 communications du 74e congr\u00e8s de l&rsquo;IHAF<\/a><br><a href=\"https:\/\/chrs.uqam.ca\/index.php\/2021\/10\/22\/conference-de-vincent-milliot-sur-la-metropolisation-de-lordre-public-dans-le-paris-du-xviiie-siecle-avec-la-participation-de-donald-fyson\/\">Conf\u00e9rence de Vincent Milliot sur la m\u00e9tropolisation de l\u2019ordre public dans le Paris du XVIIIe si\u00e8cle avec la participation de Donald Fyson<\/a><br><a href=\"https:\/\/chrs.uqam.ca\/index.php\/2021\/10\/08\/visionnez-les-videos-des-journees-detude-sur-les-archives-judiciaires\/\">Visionnez les pr\u00e9sentations des Journ\u00e9es d&rsquo;\u00e9tude sur les archives judiciaires<\/a><br><a href=\"https:\/\/chrs.uqam.ca\/index.php\/2021\/05\/10\/participation-de-louise-bienvenue-et-donald-fyson-a-lacfas-2021\/\">Participation de Louise Bienvenue et de Donald Fyson \u00e0 l&rsquo;ACFAS 2021<\/a><br><a href=\"https:\/\/chrs.uqam.ca\/index.php\/2021\/04\/15\/nos-membres-au-colloque-sur-les-archives-judiciaires-de-banq-du-3-au-6-mai-2021\/\">Nos membres aux journ\u00e9es d&rsquo;\u00e9tude sur les archives judiciaires de BAnQ du 3 au 6 mai 2021<\/a><br><a href=\"https:\/\/chrs.uqam.ca\/index.php\/2021\/01\/26\/ollivier-hubert-co-dirige-louvrage-a-compelling-re-examination-of-the-quebec-act\/\">Ollivier Hubert co-dirige l&rsquo;ouvrage <em>A compelling re-examination of the Quebec Act <\/em><\/a><br><a href=\"https:\/\/chrs.uqam.ca\/index.php\/2020\/10\/02\/seminaire-en-ligne-historians-in-the-public-sphere\/\">S\u00e9minaire en ligne <em>Historians in the Public Sphere\ufeff<\/em><\/a><br><a href=\"https:\/\/chrs.uqam.ca\/index.php\/2020\/07\/14\/parution-de-vice-deviance-et-criminalite-nouveau-dossier-du-bulletin-dhistoire-politique\/\">Parution de \u00ab Vice, d\u00e9viance et criminalit\u00e9 \u00bb un nouveau dossier du Bulletin d&rsquo;histoire politique<\/a><br><a href=\"https:\/\/chrs.uqam.ca\/index.php\/2019\/10\/31\/invitation-a-la-conference-de-donald-fyson-les-pendaisons-au-pied-du-courant-1836-1912\/\">Invitation \u00e0 la conf\u00e9rence de Donald Fyson, <em>Les pendaisons au Pied-du-Courant (1836-1912)<\/em><\/a><br><a href=\"https:\/\/chrs.uqam.ca\/index.php\/2019\/09\/04\/une-capsule-web-sur-lhistoire-la-peine-capitale-avec-donald-fyson-signee-la-fabrique-culturelle\/\">Une capsule web sur l&rsquo;histoire de la peine capitale avec Donald Fyson sign\u00e9e <em> La Fabrique culturelle <\/em><\/a><br><a href=\"https:\/\/chrs.uqam.ca\/index.php\/2019\/07\/23\/la-doctorante-louise-lainesse-participera-aux-rendez-vous-dhistoire-de-quebec-en-aout\/\">La doctorante Louise Lainesse participera aux Rendez-vous d&rsquo;histoire de Qu\u00e9bec en ao\u00fbt<\/a><br><a href=\"https:\/\/chrs.uqam.ca\/index.php\/2019\/07\/18\/participation-du-chrs-a-lecole-dete-gouvernement-et-regulations-sociales\/\">Participation du CHRS \u00e0 l&rsquo;\u00c9cole d&rsquo;\u00e9t\u00e9 <em>Gouvernance et r\u00e9gulations sociales<\/em> \u00e0 Paris<\/a><br><a href=\"https:\/\/chrs.uqam.ca\/index.php\/2019\/06\/06\/participation-de-donald-fyson-et-catherine-larochelle-a-la-rencontre-annuelle-de-la-societe-historique-du-canada\/\">Participation de Donald Fyson et Catherine Larochelle \u00e0 la rencontre annuelle de la Soci\u00e9t\u00e9 historique du Canada<\/a><br><a href=\"https:\/\/chrs.uqam.ca\/index.php\/2019\/06\/05\/collaboration-de-donald-fyson-aux-visites-immersives-sur-la-peine-capitale-dans-lancienne-prison-de-quebec\/\">Collaboration de Donald Fyson aux visites immersives sur la peine capitale dans l\u2019ancienne prison de Qu\u00e9bec<\/a><br><a href=\"https:\/\/chrs.uqam.ca\/index.php\/2019\/04\/26\/colloque-famille-et-justice-dans-les-archives-programmation-et-informations-generales\/\">Colloque <em>Famille et justice dans les archives <\/em>: programmation et informations g\u00e9n\u00e9rales<\/a><br><a href=\"https:\/\/chrs.uqam.ca\/index.php\/2018\/11\/05\/seminaire-du-chrs\/\">S\u00e9minaire du CHRS : Familles, droit et justice au Qu\u00e9bec, 1840-1920<\/a><br><a href=\"https:\/\/chrs.uqam.ca\/index.php\/2018\/09\/27\/donald-fyson-publie-un-compte-rendu-de-louvrage-canadas-odyssey-a-country-based-on-incomplete-conquests\/\">Donald Fyson publie un compte rendu de l&rsquo;ouvrage <em>Canada&rsquo;s Odyssey: A Country Based on Incomplete Conquests<\/em><\/a><br><a href=\"https:\/\/chrs.uqam.ca\/index.php\/2018\/09\/18\/appel-a-communications-perspectives-historiques-sur-les-prisons-les-personnes-incarcerees-et-les-archives-des-prisons\/\">Appel \u00e0 communications : Perspectives historiques sur les prisons, les personnes incarc\u00e9r\u00e9es et les archives des prisons<\/a><br><a href=\"https:\/\/chrs.uqam.ca\/index.php\/2017\/09\/11\/entretien-avec-donald-fyson\/\">Entretien avec Donald Fyson<\/a><br><a href=\"https:\/\/chrs.uqam.ca\/index.php\/2017\/05\/29\/compte-rendu-du-colloque-vices-et-criminalite-dans-lhistoire-du-quebec-et-du-canada\/\">Compte rendu du colloque \u00ab\u00a0Vices et criminalit\u00e9 dans l\u2019histoire du Qu\u00e9bec et du Canada\u00a0\u00bb<\/a><br><a href=\"https:\/\/chrs.uqam.ca\/index.php\/2017\/05\/02\/invitation-au-colloque-vices-et-criminalite-dans-lhistoire-du-quebec-et-du-canada\/\">Invitation au Colloque Vices et criminalit\u00e9 dans l\u2019histoire du Qu\u00e9bec et du Canada<\/a><br><a href=\"https:\/\/chrs.uqam.ca\/index.php\/2016\/12\/02\/resume-de-latelier-sur-le-vice-et-le-crime-a-montreal\/\">R\u00e9sum\u00e9 de l&rsquo;atelier sur le vice et le crime \u00e0 Montr\u00e9al<\/a><br><a href=\"https:\/\/chrs.uqam.ca\/index.php\/2016\/10\/18\/le-chrs-au-congres-de-lihaf\/\">Le CHRS au congr\u00e8s de l\u2019IHAF<\/a><br><a href=\"https:\/\/chrs.uqam.ca\/index.php\/2016\/02\/25\/donald-fyson-participe-a-un-article-du-devoir-sur-lhistoire-de-la-prison\/\">Donald Fyson participe \u00e0 un article du Devoir sur l\u2019histoire de la prison<\/a><br><a href=\"https:\/\/chrs.uqam.ca\/index.php\/2015\/05\/02\/1841-comme-date-charniere-ou-non-dans-le-developpement-de-letat-presentation-de-donald-fyson-au-colloque-lacte-dunion-de-1840-175-ans-de-provincialisation\/\">\u00ab1841 comme date charni\u00e8re, ou non, dans le d\u00e9veloppement de l&rsquo;\u00c9tat\u00bb. Pr\u00e9sentation de Donald Fyson au colloque \u00abL&rsquo;Acte d&rsquo;Union de 1840: 175 ans de provincialisation\u00bb<\/a><br><a href=\"https:\/\/chrs.uqam.ca\/index.php\/2015\/04\/29\/donald-fyson-ouvrira-le-colloque-du-1er-mai-a-luniversite-mcgill\/\">Donald Fyson ouvrira le Colloque du 1er mai \u00e0 l&rsquo;Universit\u00e9 McGill<\/a><br><a href=\"https:\/\/chrs.uqam.ca\/index.php\/2015\/04\/09\/des-etudiant-e-s-et-des-profs-prennent-position\/\">Des \u00e9tudiant.e.s et des profs prennent position<\/a><br><a href=\"https:\/\/chrs.uqam.ca\/index.php\/2015\/01\/27\/quelques-publications-recentes\/\">Quelques publications r\u00e9centes<\/a><br><a href=\"https:\/\/chrs.uqam.ca\/index.php\/2014\/06\/02\/lequipe-du-chrs-recoit-une-subvention-du-fonds-de-recherche-quebecois-sur-la-societe-et-la-culture\/\">L&rsquo;\u00e9quipe du CHRS re\u00e7oit une subvention du Fonds de recherche qu\u00e9b\u00e9cois sur la soci\u00e9t\u00e9 et la culture<\/a><br><a href=\"https:\/\/chrs.uqam.ca\/index.php\/2014\/04\/17\/francois-fenchel-jean-trepanier-et-donald-fyson-participeront-a-leuropean-social-science-history-conference-a-vienne\/\">Fran\u00e7ois Fenchel, Jean Tr\u00e9panier et Donald Fyson participeront \u00e0 l&rsquo;European Social Science History Conference \u00e0 Vienne<\/a><br><a href=\"https:\/\/chrs.uqam.ca\/index.php\/2013\/10\/10\/louise-bienvenue-donald-fyson-et-martin-petitclerc-participeront-a-une-table-ronde-sur-loeuvre-de-jean-marie-fecteau-au-congres-de-lihaf\/\">Louise Bienvenue, Donald Fyson et Martin Petitclerc participeront \u00e0 une table-ronde sur l&rsquo;oeuvre de Jean-Marie Fecteau au congr\u00e8s de l&rsquo;IHAF<\/a><br><a href=\"https:\/\/chrs.uqam.ca\/index.php\/2013\/05\/09\/donald-fyson-et-thierry-nootens-obtiennent-financement-du-crsh-pour-leur-projet-familles-droit-et-justice-au-quebec\/\">Donald Fyson et Thierry Nootens obtiennent financement du CRSH pour leur projet Familles, droit et justice au Qu\u00e9bec<\/a><br><a href=\"https:\/\/chrs.uqam.ca\/index.php\/2013\/03\/27\/table-ronde-trois-variations-sur-la-modernite-penale-1750-1850\/\">Table ronde : Trois variations sur la modernit\u00e9 p\u00e9nale, 1750-1850<\/a><br><a href=\"https:\/\/chrs.uqam.ca\/index.php\/2013\/01\/07\/pour-une-histoire-du-risque-un-lancement-reussi\/\">Pour une histoire du risque : un lancement r\u00e9ussi<\/a><br><a href=\"https:\/\/chrs.uqam.ca\/index.php\/2012\/09\/12\/retrospective-de-la-greve-etudiante-au-chrs\/\">R\u00e9trospective de la gr\u00e8ve \u00e9tudiante au CHRS<\/a><br><a href=\"https:\/\/chrs.uqam.ca\/index.php\/2012\/06\/13\/parution-du-livre-pour-une-histoire-du-risque-aux-presses-de-luniversite-du-quebec\/\">Parution du livre Pour une histoire du risque aux Presses de l&rsquo;Universit\u00e9 du Qu\u00e9bec<\/a><br><a href=\"https:\/\/chrs.uqam.ca\/index.php\/2012\/05\/18\/des-membres-du-chrs-denoncent-la-loi-speciale-du-gouvernement-charest\/\">Des membres du CHRS d\u00e9noncent la loi sp\u00e9ciale du gouvernement Charest<\/a><br>\n<\/div><\/div>\n","protected":false},"excerpt":{"rendered":"<p>Donald Fyson est professeur titulaire au D\u00e9partement des sciences historiques de l&rsquo;Universit\u00e9 Laval. Il est sp\u00e9cialiste de l&rsquo;histoire du Qu\u00e9bec aux XVIIIe, XIXe et XXe si\u00e8cles, notamment dans le domaine&#8230;<\/p>\n","protected":false},"author":2,"featured_media":0,"parent":65,"menu_order":5,"comment_status":"closed","ping_status":"closed","template":"","meta":{"_monsterinsights_skip_tracking":false,"_monsterinsights_sitenote_active":false,"_monsterinsights_sitenote_note":"","_monsterinsights_sitenote_category":0,"footnotes":""},"class_list":["post-155","page","type-page","status-publish","hentry"],"_links":{"self":[{"href":"https:\/\/chrs.uqam.ca\/index.php\/wp-json\/wp\/v2\/pages\/155","targetHints":{"allow":["GET"]}}],"collection":[{"href":"https:\/\/chrs.uqam.ca\/index.php\/wp-json\/wp\/v2\/pages"}],"about":[{"href":"https:\/\/chrs.uqam.ca\/index.php\/wp-json\/wp\/v2\/types\/page"}],"author":[{"embeddable":true,"href":"https:\/\/chrs.uqam.ca\/index.php\/wp-json\/wp\/v2\/users\/2"}],"replies":[{"embeddable":true,"href":"https:\/\/chrs.uqam.ca\/index.php\/wp-json\/wp\/v2\/comments?post=155"}],"version-history":[{"count":0,"href":"https:\/\/chrs.uqam.ca\/index.php\/wp-json\/wp\/v2\/pages\/155\/revisions"}],"up":[{"embeddable":true,"href":"https:\/\/chrs.uqam.ca\/index.php\/wp-json\/wp\/v2\/pages\/65"}],"wp:attachment":[{"href":"https:\/\/chrs.uqam.ca\/index.php\/wp-json\/wp\/v2\/media?parent=155"}],"curies":[{"name":"wp","href":"https:\/\/api.w.org\/{rel}","templated":true}]}}