{"id":11985,"date":"2023-02-21T15:35:00","date_gmt":"2023-02-21T19:35:00","guid":{"rendered":"https:\/\/chrs.uqam.ca\/?page_id=11985"},"modified":"2024-02-26T12:12:28","modified_gmt":"2024-02-26T16:12:28","slug":"benjamin-villeneuve","status":"publish","type":"page","link":"https:\/\/chrs.uqam.ca\/index.php\/a-propos\/equipe\/membres-etudiants\/benjamin-villeneuve\/","title":{"rendered":"Benjamin Villeneuve"},"content":{"rendered":"\n<p><strong>Universit\u00e9 d&rsquo;Ottawa<br>D\u00e9partement de sciences infirmi\u00e8res<\/strong><\/p>\n\n\n\n<p>Actuellement responsable du domaine clinique et formateur.rice consultant.e au GRIEPS (organisme de formation professionnelle, de d\u00e9veloppement, et de recherche), mes fonctions consistent d&rsquo;une part \u00e0 g\u00e9rer les activit\u00e9s de recherche et de d\u00e9veloppement de mon domaine clinique et d\u2019autre part \u00e0 produire et animer des contenus p\u00e9dagogiques \u00e0 destination des professionnel.le.s de la sant\u00e9 mentale. <\/p>\n\n\n\n<p>Engag\u00e9 depuis des ann\u00e9es dans la recherche en soins en psychiatrie, je b\u00e9n\u00e9ficie d\u2019un statut de chercheur associ\u00e9 rattach\u00e9 au laboratoire Universitaire de l\u2019Institut des Humanit\u00e9s en M\u00e9decine de Lausanne, et je suis \u00e9galement membre de l\u2019Unit\u00e9 de Recherche en Histoire du Nursing d\u2019Ottawa. Je suis maintenant inscrit dans le programme PhD en philosophie des sciences infirmi\u00e8res de l\u2019Universit\u00e9 d\u2019Ottawa au Canada. Mes travaux visent \u00e0 valoriser la profession des infirmier.\u00e8re.s psychiatriques fran\u00e7ais dont je suis issu, en d\u00e9fendant l\u2019importance du r\u00f4le de la transmission des savoirs historiques dans l\u2019\u00e9mancipation professionnelle. En parall\u00e8le, je pr\u00e9side l\u2019association pour d\u00e9velopper la recherche en soins psychiatriques, qui compte en 2023 plus d\u2019une centaines d\u2019adh\u00e9rent.e.s issu.e.s de la communaut\u00e9 de recherche francophone.<\/p>\n\n\n\n<div class=\"su-spoiler su-spoiler-style-default su-spoiler-icon-chevron su-spoiler-closed\" data-scroll-offset=\"0\" data-anchor-in-url=\"no\"><div class=\"su-spoiler-title\" tabindex=\"0\" role=\"button\"><span class=\"su-spoiler-icon\"><\/span>Coordonn\u00e9es<\/div><div class=\"su-spoiler-content su-u-clearfix su-u-trim\">\n\n\n\n<p><strong>Courriel : <\/strong>bvilleneuve@grieps.fr<\/div><\/div>\n\n\n\n<div class=\"su-spoiler su-spoiler-style-default su-spoiler-icon-chevron su-spoiler-closed\" data-scroll-offset=\"0\" data-anchor-in-url=\"no\"><div class=\"su-spoiler-title\" tabindex=\"0\" role=\"button\"><span class=\"su-spoiler-icon\"><\/span>Liens<\/div><div class=\"su-spoiler-content su-u-clearfix su-u-trim\">\n\n\n\n<p><a href=\"https:\/\/chrs.uqam.ca\/wp-content\/uploads\/2024\/02\/BenjaminVilleneuve_CV_2024.pdf\" data-type=\"link\" data-id=\"https:\/\/chrs.uqam.ca\/wp-content\/uploads\/2024\/02\/KimGelinas_CV_2024.pdf\" target=\"_blank\" rel=\"noreferrer noopener\">Curriculum vitae<\/a><br><\/div><\/div>\n\n\n\n<div class=\"su-spoiler su-spoiler-style-default su-spoiler-icon-chevron su-spoiler-closed\" data-scroll-offset=\"0\" data-anchor-in-url=\"no\"><div class=\"su-spoiler-title\" tabindex=\"0\" role=\"button\"><span class=\"su-spoiler-icon\"><\/span>Bourses, prix et distinctions<\/div><div class=\"su-spoiler-content su-u-clearfix su-u-trim\">\n\n\n\n<p>Troph\u00e9e McGill, Facult\u00e9 des sciences infirmi\u00e8res Ottawa \u2013\u00a02022<br>Bourse Doctorale Internationale, Universit\u00e9 d\u2019Ottawa \u2013\u00a02021<br>Bourse d&rsquo;admission, Universit\u00e9 d\u2019Ottawa \u2013\u00a02021<br><\/div><\/div>\n\n\n\n<div class=\"su-spoiler su-spoiler-style-default su-spoiler-icon-chevron\" data-scroll-offset=\"0\" data-anchor-in-url=\"no\"><div class=\"su-spoiler-title\" tabindex=\"0\" role=\"button\"><span class=\"su-spoiler-icon\"><\/span>Nouvelles<\/div><div class=\"su-spoiler-content su-u-clearfix su-u-trim\"><br><br><\/div><\/div>\n","protected":false},"excerpt":{"rendered":"<p>Universit\u00e9 d&rsquo;OttawaD\u00e9partement de sciences infirmi\u00e8res Actuellement responsable du domaine clinique et formateur.rice consultant.e au GRIEPS (organisme de formation professionnelle, de d\u00e9veloppement, et de recherche), mes fonctions consistent d&rsquo;une part \u00e0&#8230;<\/p>\n","protected":false},"author":11,"featured_media":0,"parent":455,"menu_order":0,"comment_status":"closed","ping_status":"closed","template":"","meta":{"_monsterinsights_skip_tracking":false,"_monsterinsights_sitenote_active":false,"_monsterinsights_sitenote_note":"","_monsterinsights_sitenote_category":0,"footnotes":""},"class_list":["post-11985","page","type-page","status-publish","hentry"],"_links":{"self":[{"href":"https:\/\/chrs.uqam.ca\/index.php\/wp-json\/wp\/v2\/pages\/11985","targetHints":{"allow":["GET"]}}],"collection":[{"href":"https:\/\/chrs.uqam.ca\/index.php\/wp-json\/wp\/v2\/pages"}],"about":[{"href":"https:\/\/chrs.uqam.ca\/index.php\/wp-json\/wp\/v2\/types\/page"}],"author":[{"embeddable":true,"href":"https:\/\/chrs.uqam.ca\/index.php\/wp-json\/wp\/v2\/users\/11"}],"replies":[{"embeddable":true,"href":"https:\/\/chrs.uqam.ca\/index.php\/wp-json\/wp\/v2\/comments?post=11985"}],"version-history":[{"count":5,"href":"https:\/\/chrs.uqam.ca\/index.php\/wp-json\/wp\/v2\/pages\/11985\/revisions"}],"predecessor-version":[{"id":12031,"href":"https:\/\/chrs.uqam.ca\/index.php\/wp-json\/wp\/v2\/pages\/11985\/revisions\/12031"}],"up":[{"embeddable":true,"href":"https:\/\/chrs.uqam.ca\/index.php\/wp-json\/wp\/v2\/pages\/455"}],"wp:attachment":[{"href":"https:\/\/chrs.uqam.ca\/index.php\/wp-json\/wp\/v2\/media?parent=11985"}],"curies":[{"name":"wp","href":"https:\/\/api.w.org\/{rel}","templated":true}]}}